{"id":2798,"date":"2026-03-06T13:34:49","date_gmt":"2026-03-06T12:34:49","guid":{"rendered":"https:\/\/mallorcarural.cat\/?post_type=avada_portfolio&#038;p=2798"},"modified":"2026-03-06T13:34:49","modified_gmt":"2026-03-06T12:34:49","slug":"santa-maria-del-cami-renovacion-de-un-antiguo-edificio-para-la-explotacion-viticola","status":"publish","type":"avada_portfolio","link":"https:\/\/mallorcarural.cat\/es\/projecte\/santa-maria-del-cami-renovacion-de-un-antiguo-edificio-para-la-explotacion-viticola\/","title":{"rendered":"Santa Maria del Cam\u00ed \u2013 Renovaci\u00f3n de un antiguo edificio para la explotaci\u00f3n vit\u00edcola"},"content":{"rendered":"<div class=\"fusion-fullwidth fullwidth-box fusion-builder-row-1 fusion-flex-container has-pattern-background has-mask-background nonhundred-percent-fullwidth non-hundred-percent-height-scrolling\" style=\"--awb-border-sizes-left:30px;--awb-border-sizes-right:30px;--awb-border-color:var(--awb-color1);--awb-border-radius-top-left:0px;--awb-border-radius-top-right:0px;--awb-border-radius-bottom-right:0px;--awb-border-radius-bottom-left:0px;--awb-padding-bottom:80px;--awb-padding-bottom-medium:40px;--awb-background-color:rgba(232,119,73,0.4);--awb-flex-wrap:wrap;\" ><div class=\"fusion-builder-row fusion-row fusion-flex-align-items-flex-start fusion-flex-content-wrap\" style=\"max-width:1331.2px;margin-left: calc(-4% \/ 2 );margin-right: calc(-4% \/ 2 );\"><div class=\"fusion-layout-column fusion_builder_column fusion-builder-column-0 fusion_builder_column_1_4 1_4 fusion-flex-column\" style=\"--awb-bg-size:cover;--awb-width-large:25%;--awb-margin-top-large:0px;--awb-spacing-right-large:30px;--awb-margin-bottom-large:20px;--awb-spacing-left-large:30px;--awb-width-medium:25%;--awb-order-medium:0;--awb-spacing-right-medium:30px;--awb-spacing-left-medium:30px;--awb-width-small:100%;--awb-order-small:0;--awb-spacing-right-small:1.92%;--awb-spacing-left-small:1.92%;\" data-scroll-devices=\"small-visibility,medium-visibility,large-visibility\"><div class=\"fusion-column-wrapper fusion-column-has-shadow fusion-flex-justify-content-flex-start fusion-content-layout-column\"><div class=\"fusion-separator fusion-full-width-sep\" style=\"align-self: center;margin-left: auto;margin-right: auto;margin-top:50px;margin-bottom:0px;width:100%;max-width:100%;\"><div class=\"fusion-separator-border sep-single sep-solid\" style=\"--awb-height:20px;--awb-amount:20px;--awb-sep-color:var(--awb-custom_color_3);border-color:var(--awb-custom_color_3);border-top-width:2px;\"><\/div><\/div><div class=\"fusion-title title fusion-title-1 fusion-sep-none fusion-title-text fusion-title-size-five\" style=\"--awb-text-color:var(--awb-custom_color_3);--awb-margin-top:15px;--awb-font-size:14px;\"><h5 class=\"fusion-title-heading title-heading-left fusion-responsive-typography-calculated\" style=\"font-family:&quot;Poppins&quot;;font-style:normal;font-weight:400;margin:0;font-size:1em;--fontSize:14;line-height:var(--awb-typography1-line-height);\">PROYECTO PRIVADO<\/h5><\/div><\/div><\/div><div class=\"fusion-layout-column fusion_builder_column fusion-builder-column-1 fusion_builder_column_3_4 3_4 fusion-flex-column\" style=\"--awb-bg-size:cover;--awb-width-large:75%;--awb-margin-top-large:0px;--awb-spacing-right-large:30px;--awb-margin-bottom-large:20px;--awb-spacing-left-large:30px;--awb-width-medium:75%;--awb-order-medium:0;--awb-spacing-right-medium:30px;--awb-spacing-left-medium:30px;--awb-width-small:100%;--awb-order-small:0;--awb-spacing-right-small:1.92%;--awb-spacing-left-small:1.92%;\" data-scroll-devices=\"small-visibility,medium-visibility,large-visibility\"><div class=\"fusion-column-wrapper fusion-column-has-shadow fusion-flex-justify-content-flex-start fusion-content-layout-column\"><div class=\"fusion-separator fusion-full-width-sep\" style=\"align-self: center;margin-left: auto;margin-right: auto;margin-top:50px;margin-bottom:0px;width:100%;max-width:100%;\"><div class=\"fusion-separator-border sep-single sep-solid\" style=\"--awb-height:20px;--awb-amount:20px;--awb-sep-color:var(--awb-custom_color_3);border-color:var(--awb-custom_color_3);border-top-width:2px;\"><\/div><\/div><div class=\"fusion-title title fusion-title-2 fusion-sep-none fusion-title-text fusion-title-size-four\" style=\"--awb-text-color:var(--awb-custom_color_3);--awb-font-size:18px;\"><h4 class=\"fusion-title-heading title-heading-left fusion-responsive-typography-calculated\" style=\"font-family:&quot;Poppins&quot;;font-style:normal;font-weight:600;margin:0;font-size:1em;--fontSize:18;line-height:var(--awb-typography1-line-height);\">Santa Maria del Cam\u00ed \u2013 Renovaci\u00f3n de un antiguo edificio para la explotaci\u00f3n vit\u00edcola<\/h4><\/div><\/div><\/div><div class=\"fusion-layout-column fusion_builder_column fusion-builder-column-2 fusion_builder_column_1_4 1_4 fusion-flex-column\" style=\"--awb-bg-size:cover;--awb-width-large:25%;--awb-margin-top-large:0px;--awb-spacing-right-large:30px;--awb-margin-bottom-large:20px;--awb-spacing-left-large:30px;--awb-width-medium:25%;--awb-order-medium:0;--awb-spacing-right-medium:30px;--awb-spacing-left-medium:30px;--awb-width-small:100%;--awb-order-small:0;--awb-spacing-right-small:1.92%;--awb-spacing-left-small:1.92%;\" data-scroll-devices=\"small-visibility,medium-visibility,large-visibility\"><div class=\"fusion-column-wrapper fusion-column-has-shadow fusion-flex-justify-content-flex-start fusion-content-layout-column\"><div class=\"fusion-separator fusion-full-width-sep\" style=\"align-self: center;margin-left: auto;margin-right: auto;margin-bottom:50px;width:100%;max-width:100%;\"><div class=\"fusion-separator-border sep-single sep-solid\" style=\"--awb-height:20px;--awb-amount:20px;--awb-sep-color:var(--awb-custom_color_3);border-color:var(--awb-custom_color_3);border-top-width:2px;\"><\/div><\/div><\/div><\/div><div class=\"fusion-layout-column fusion_builder_column fusion-builder-column-3 fusion_builder_column_3_4 3_4 fusion-flex-column\" style=\"--awb-bg-size:cover;--awb-width-large:75%;--awb-margin-top-large:0px;--awb-spacing-right-large:30px;--awb-margin-bottom-large:20px;--awb-spacing-left-large:30px;--awb-width-medium:75%;--awb-order-medium:0;--awb-spacing-right-medium:30px;--awb-spacing-left-medium:30px;--awb-width-small:100%;--awb-order-small:0;--awb-spacing-right-small:1.92%;--awb-spacing-left-small:1.92%;\" data-scroll-devices=\"small-visibility,medium-visibility,large-visibility\"><div class=\"fusion-column-wrapper fusion-column-has-shadow fusion-flex-justify-content-flex-start fusion-content-layout-column\"><div class=\"fusion-separator fusion-no-small-visibility fusion-full-width-sep\" style=\"align-self: center;margin-left: auto;margin-right: auto;margin-bottom:30px;width:100%;max-width:100%;\"><div class=\"fusion-separator-border sep-single sep-solid\" style=\"--awb-height:20px;--awb-amount:20px;--awb-sep-color:var(--awb-custom_color_3);border-color:var(--awb-custom_color_3);border-top-width:2px;\"><\/div><\/div><div class=\"fusion-title title fusion-title-3 fusion-sep-none fusion-title-text fusion-title-size-five\" style=\"--awb-text-color:var(--awb-custom_color_3);--awb-font-size:14px;\"><h5 class=\"fusion-title-heading title-heading-left fusion-responsive-typography-calculated\" style=\"font-family:&quot;Poppins&quot;;font-style:normal;font-weight:300;margin:0;font-size:1em;--fontSize:14;line-height:1.4;\"><article class=\"text-token-text-primary w-full focus:outline-none &#091;--shadow-height:45px&#093; has-data-writing-block:pointer-events-none has-data-writing-block:-mt-(--shadow-height) has-data-writing-block:pt-(--shadow-height) &#091;&amp;:has(&#091;data-writing-block&#093;)&gt;*&#093;:pointer-events-auto scroll-mt-(--header-height)\" dir=\"auto\" tabindex=\"-1\" data-turn-id=\"bdeee99b-2c54-4af4-bc06-73ffa30156a1\" data-testid=\"conversation-turn-15\" data-scroll-anchor=\"false\" data-turn=\"user\"><\/article>\n<article class=\"text-token-text-primary w-full focus:outline-none &#091;--shadow-height:45px&#093; has-data-writing-block:pointer-events-none has-data-writing-block:-mt-(--shadow-height) has-data-writing-block:pt-(--shadow-height) &#091;&amp;:has(&#091;data-writing-block&#093;)&gt;*&#093;:pointer-events-auto scroll-mt-&#091;calc(var(--header-height)+min(200px,max(70px,20svh)))&#093;\" dir=\"auto\" tabindex=\"-1\" data-turn-id=\"request-WEB:0acfc3b6-e70b-41ef-b10a-f6e856173c7b-24\" data-testid=\"conversation-turn-16\" data-scroll-anchor=\"true\" data-turn=\"assistant\">\n<div class=\"text-base my-auto mx-auto pb-10 &#091;--thread-content-margin:var(--thread-content-margin-xs,calc(var(--spacing)*4))&#093; @w-sm\/main:&#091;--thread-content-margin:var(--thread-content-margin-sm,calc(var(--spacing)*6))&#093; @w-lg\/main:&#091;--thread-content-margin:var(--thread-content-margin-lg,calc(var(--spacing)*16))&#093; px-(--thread-content-margin)\">\n<div class=\"&#091;--thread-content-max-width:40rem&#093; @w-lg\/main:&#091;--thread-content-max-width:48rem&#093; mx-auto max-w-(--thread-content-max-width) flex-1 group\/turn-messages focus-visible:outline-hidden relative flex w-full min-w-0 flex-col agent-turn\" tabindex=\"-1\">\n<div class=\"flex max-w-full flex-col gap-4 grow\">\n<div class=\"min-h-8 text-message relative flex w-full flex-col items-end gap-2 text-start break-words whitespace-normal &#091;.text-message+&amp;&#093;:mt-1\" dir=\"auto\" data-message-author-role=\"assistant\" data-message-id=\"1650317a-dde9-4c98-8477-e755eed7ba40\" data-message-model-slug=\"gpt-5-3\">\n<div class=\"flex w-full flex-col gap-1 empty:hidden\">\n<div class=\"markdown prose dark:prose-invert w-full wrap-break-word light markdown-new-styling\">\n<p data-start=\"0\" data-end=\"305\">En esta <strong data-start=\"8\" data-end=\"32\">explotaci\u00f3n vit\u00edcola<\/strong> se ha transformado un antiguo edificio de la finca para darle un nuevo uso: la <strong data-start=\"112\" data-end=\"163\">venta directa de los vinos que all\u00ed se producen<\/strong>. El objetivo es acercar el producto al consumidor final, sin intermediarios, y ofrecer la experiencia completa de <strong data-start=\"278\" data-end=\"304\">\u201cde la vi\u00f1a a la copa\u201d<\/strong>.<\/p>\n<p data-start=\"307\" data-end=\"616\">Adem\u00e1s, el porche, que hasta ahora solo se utilizaba como espacio de almacenamiento, se ha reconvertido para acoger una <strong data-start=\"427\" data-end=\"504\">m\u00e1quina artesanal destinada a la elaboraci\u00f3n de leche de almendra natural<\/strong>. Esta iniciativa complementa la actividad vit\u00edcola con otro producto local, elaborado con cuidado y proximidad.<\/p>\n<p data-start=\"618\" data-end=\"825\">El proyecto ha sabido <strong data-start=\"640\" data-end=\"678\">combinar tradici\u00f3n y funcionalidad<\/strong>, manteniendo la esencia campesina de la finca mientras se crea un espacio para <strong data-start=\"758\" data-end=\"824\">visitas, venta directa y experiencias vinculadas al territorio<\/strong>.<\/p>\n<p data-start=\"827\" data-end=\"923\" data-is-last-node=\"\" data-is-only-node=\"\"><strong data-start=\"827\" data-end=\"846\">Ayuda recibida:<\/strong> Convocatoria de financiaci\u00f3n privada gestionada por <strong data-start=\"899\" data-end=\"917\">Mallorca Rural<\/strong>.<\/p>\n<\/div>\n<\/div>\n<\/div>\n<\/div>\n<\/div>\n<\/div>\n<\/article><\/h5><\/div><div class=\"fusion-separator fusion-full-width-sep\" style=\"align-self: center;margin-left: auto;margin-right: auto;margin-top:100px;width:100%;\"><\/div><div class=\"fusion-image-element \" style=\"--awb-caption-title-font-family:var(--h2_typography-font-family);--awb-caption-title-font-weight:var(--h2_typography-font-weight);--awb-caption-title-font-style:var(--h2_typography-font-style);--awb-caption-title-size:var(--h2_typography-font-size);--awb-caption-title-transform:var(--h2_typography-text-transform);--awb-caption-title-line-height:var(--h2_typography-line-height);--awb-caption-title-letter-spacing:var(--h2_typography-letter-spacing);\"><span class=\" fusion-imageframe imageframe-none imageframe-1 hover-type-none\"><img decoding=\"async\" width=\"2560\" height=\"1920\" title=\"20220721_091440\" src=\"https:\/\/mallorcarural.cat\/wp-content\/uploads\/2025\/09\/20220721_091440-scaled.jpg\" alt class=\"img-responsive wp-image-2598\" srcset=\"https:\/\/mallorcarural.cat\/wp-content\/uploads\/2025\/09\/20220721_091440-200x150.jpg 200w, https:\/\/mallorcarural.cat\/wp-content\/uploads\/2025\/09\/20220721_091440-400x300.jpg 400w, https:\/\/mallorcarural.cat\/wp-content\/uploads\/2025\/09\/20220721_091440-600x450.jpg 600w, https:\/\/mallorcarural.cat\/wp-content\/uploads\/2025\/09\/20220721_091440-800x600.jpg 800w, https:\/\/mallorcarural.cat\/wp-content\/uploads\/2025\/09\/20220721_091440-1200x900.jpg 1200w, https:\/\/mallorcarural.cat\/wp-content\/uploads\/2025\/09\/20220721_091440-scaled.jpg 2560w\" sizes=\"(max-width: 640px) 100vw, 1200px\" \/><\/span><\/div><div class=\"fusion-separator fusion-full-width-sep\" style=\"align-self: center;margin-left: auto;margin-right: auto;margin-top:100px;width:100%;\"><\/div><\/div><\/div><\/div><\/div>\n","protected":false},"excerpt":{"rendered":"","protected":false},"author":6,"featured_media":2598,"menu_order":0,"comment_status":"closed","ping_status":"closed","template":"","format":"standard","meta":{"footnotes":""},"portfolio_category":[26],"portfolio_skills":[],"portfolio_tags":[],"class_list":["post-2798","avada_portfolio","type-avada_portfolio","status-publish","format-standard","has-post-thumbnail","hentry","portfolio_category-proyectos-financiados-con-fondos-leader"],"yoast_head":"<!-- This site is optimized with the Yoast SEO plugin v26.7 - https:\/\/yoast.com\/wordpress\/plugins\/seo\/ -->\n<title>Santa Maria del Cam\u00ed \u2013 Renovaci\u00f3n de un antiguo edificio para la explotaci\u00f3n vit\u00edcola - Mallorca Rural<\/title>\n<meta name=\"robots\" content=\"index, follow, max-snippet:-1, max-image-preview:large, max-video-preview:-1\" \/>\n<link rel=\"canonical\" href=\"https:\/\/mallorcarural.cat\/es\/projecte\/santa-maria-del-cami-renovacion-de-un-antiguo-edificio-para-la-explotacion-viticola\/\" \/>\n<meta property=\"og:locale\" content=\"es_ES\" \/>\n<meta property=\"og:type\" content=\"article\" \/>\n<meta property=\"og:title\" content=\"Santa Maria del Cam\u00ed \u2013 Renovaci\u00f3n de un antiguo edificio para la explotaci\u00f3n vit\u00edcola - Mallorca Rural\" \/>\n<meta property=\"og:url\" content=\"https:\/\/mallorcarural.cat\/es\/projecte\/santa-maria-del-cami-renovacion-de-un-antiguo-edificio-para-la-explotacion-viticola\/\" \/>\n<meta property=\"og:site_name\" content=\"Mallorca Rural\" \/>\n<meta property=\"og:image\" content=\"https:\/\/mallorcarural.cat\/wp-content\/uploads\/2025\/09\/20220721_091440-scaled.jpg\" \/>\n\t<meta property=\"og:image:width\" content=\"2560\" \/>\n\t<meta property=\"og:image:height\" content=\"1920\" \/>\n\t<meta property=\"og:image:type\" content=\"image\/jpeg\" \/>\n<meta name=\"twitter:card\" content=\"summary_large_image\" \/>\n<meta name=\"twitter:label1\" content=\"Tiempo de lectura\" \/>\n\t<meta name=\"twitter:data1\" content=\"2 minutos\" \/>\n<script type=\"application\/ld+json\" class=\"yoast-schema-graph\">{\"@context\":\"https:\/\/schema.org\",\"@graph\":[{\"@type\":\"WebPage\",\"@id\":\"https:\/\/mallorcarural.cat\/es\/projecte\/santa-maria-del-cami-renovacion-de-un-antiguo-edificio-para-la-explotacion-viticola\/\",\"url\":\"https:\/\/mallorcarural.cat\/es\/projecte\/santa-maria-del-cami-renovacion-de-un-antiguo-edificio-para-la-explotacion-viticola\/\",\"name\":\"Santa Maria del Cam\u00ed \u2013 Renovaci\u00f3n de un antiguo edificio para la explotaci\u00f3n vit\u00edcola - Mallorca Rural\",\"isPartOf\":{\"@id\":\"https:\/\/mallorcarural.cat\/es\/#website\"},\"primaryImageOfPage\":{\"@id\":\"https:\/\/mallorcarural.cat\/es\/projecte\/santa-maria-del-cami-renovacion-de-un-antiguo-edificio-para-la-explotacion-viticola\/#primaryimage\"},\"image\":{\"@id\":\"https:\/\/mallorcarural.cat\/es\/projecte\/santa-maria-del-cami-renovacion-de-un-antiguo-edificio-para-la-explotacion-viticola\/#primaryimage\"},\"thumbnailUrl\":\"https:\/\/mallorcarural.cat\/wp-content\/uploads\/2025\/09\/20220721_091440-scaled.jpg\",\"datePublished\":\"2026-03-06T12:34:49+00:00\",\"breadcrumb\":{\"@id\":\"https:\/\/mallorcarural.cat\/es\/projecte\/santa-maria-del-cami-renovacion-de-un-antiguo-edificio-para-la-explotacion-viticola\/#breadcrumb\"},\"inLanguage\":\"es\",\"potentialAction\":[{\"@type\":\"ReadAction\",\"target\":[\"https:\/\/mallorcarural.cat\/es\/projecte\/santa-maria-del-cami-renovacion-de-un-antiguo-edificio-para-la-explotacion-viticola\/\"]}]},{\"@type\":\"ImageObject\",\"inLanguage\":\"es\",\"@id\":\"https:\/\/mallorcarural.cat\/es\/projecte\/santa-maria-del-cami-renovacion-de-un-antiguo-edificio-para-la-explotacion-viticola\/#primaryimage\",\"url\":\"https:\/\/mallorcarural.cat\/wp-content\/uploads\/2025\/09\/20220721_091440-scaled.jpg\",\"contentUrl\":\"https:\/\/mallorcarural.cat\/wp-content\/uploads\/2025\/09\/20220721_091440-scaled.jpg\",\"width\":2560,\"height\":1920},{\"@type\":\"BreadcrumbList\",\"@id\":\"https:\/\/mallorcarural.cat\/es\/projecte\/santa-maria-del-cami-renovacion-de-un-antiguo-edificio-para-la-explotacion-viticola\/#breadcrumb\",\"itemListElement\":[{\"@type\":\"ListItem\",\"position\":1,\"name\":\"Portada\",\"item\":\"https:\/\/mallorcarural.cat\/es\/\"},{\"@type\":\"ListItem\",\"position\":2,\"name\":\"Portfolio\",\"item\":\"https:\/\/mallorcarural.cat\/es\/projecte\/\"},{\"@type\":\"ListItem\",\"position\":3,\"name\":\"Santa Maria del Cam\u00ed \u2013 Renovaci\u00f3n de un antiguo edificio para la explotaci\u00f3n vit\u00edcola\"}]},{\"@type\":\"WebSite\",\"@id\":\"https:\/\/mallorcarural.cat\/es\/#website\",\"url\":\"https:\/\/mallorcarural.cat\/es\/\",\"name\":\"Mallorca Rural\",\"description\":\"\",\"potentialAction\":[{\"@type\":\"SearchAction\",\"target\":{\"@type\":\"EntryPoint\",\"urlTemplate\":\"https:\/\/mallorcarural.cat\/es\/?s={search_term_string}\"},\"query-input\":{\"@type\":\"PropertyValueSpecification\",\"valueRequired\":true,\"valueName\":\"search_term_string\"}}],\"inLanguage\":\"es\"}]}<\/script>\n<!-- \/ Yoast SEO plugin. -->","yoast_head_json":{"title":"Santa Maria del Cam\u00ed \u2013 Renovaci\u00f3n de un antiguo edificio para la explotaci\u00f3n vit\u00edcola - Mallorca Rural","robots":{"index":"index","follow":"follow","max-snippet":"max-snippet:-1","max-image-preview":"max-image-preview:large","max-video-preview":"max-video-preview:-1"},"canonical":"https:\/\/mallorcarural.cat\/es\/projecte\/santa-maria-del-cami-renovacion-de-un-antiguo-edificio-para-la-explotacion-viticola\/","og_locale":"es_ES","og_type":"article","og_title":"Santa Maria del Cam\u00ed \u2013 Renovaci\u00f3n de un antiguo edificio para la explotaci\u00f3n vit\u00edcola - Mallorca Rural","og_url":"https:\/\/mallorcarural.cat\/es\/projecte\/santa-maria-del-cami-renovacion-de-un-antiguo-edificio-para-la-explotacion-viticola\/","og_site_name":"Mallorca Rural","og_image":[{"width":2560,"height":1920,"url":"https:\/\/mallorcarural.cat\/wp-content\/uploads\/2025\/09\/20220721_091440-scaled.jpg","type":"image\/jpeg"}],"twitter_card":"summary_large_image","twitter_misc":{"Tiempo de lectura":"2 minutos"},"schema":{"@context":"https:\/\/schema.org","@graph":[{"@type":"WebPage","@id":"https:\/\/mallorcarural.cat\/es\/projecte\/santa-maria-del-cami-renovacion-de-un-antiguo-edificio-para-la-explotacion-viticola\/","url":"https:\/\/mallorcarural.cat\/es\/projecte\/santa-maria-del-cami-renovacion-de-un-antiguo-edificio-para-la-explotacion-viticola\/","name":"Santa Maria del Cam\u00ed \u2013 Renovaci\u00f3n de un antiguo edificio para la explotaci\u00f3n vit\u00edcola - Mallorca Rural","isPartOf":{"@id":"https:\/\/mallorcarural.cat\/es\/#website"},"primaryImageOfPage":{"@id":"https:\/\/mallorcarural.cat\/es\/projecte\/santa-maria-del-cami-renovacion-de-un-antiguo-edificio-para-la-explotacion-viticola\/#primaryimage"},"image":{"@id":"https:\/\/mallorcarural.cat\/es\/projecte\/santa-maria-del-cami-renovacion-de-un-antiguo-edificio-para-la-explotacion-viticola\/#primaryimage"},"thumbnailUrl":"https:\/\/mallorcarural.cat\/wp-content\/uploads\/2025\/09\/20220721_091440-scaled.jpg","datePublished":"2026-03-06T12:34:49+00:00","breadcrumb":{"@id":"https:\/\/mallorcarural.cat\/es\/projecte\/santa-maria-del-cami-renovacion-de-un-antiguo-edificio-para-la-explotacion-viticola\/#breadcrumb"},"inLanguage":"es","potentialAction":[{"@type":"ReadAction","target":["https:\/\/mallorcarural.cat\/es\/projecte\/santa-maria-del-cami-renovacion-de-un-antiguo-edificio-para-la-explotacion-viticola\/"]}]},{"@type":"ImageObject","inLanguage":"es","@id":"https:\/\/mallorcarural.cat\/es\/projecte\/santa-maria-del-cami-renovacion-de-un-antiguo-edificio-para-la-explotacion-viticola\/#primaryimage","url":"https:\/\/mallorcarural.cat\/wp-content\/uploads\/2025\/09\/20220721_091440-scaled.jpg","contentUrl":"https:\/\/mallorcarural.cat\/wp-content\/uploads\/2025\/09\/20220721_091440-scaled.jpg","width":2560,"height":1920},{"@type":"BreadcrumbList","@id":"https:\/\/mallorcarural.cat\/es\/projecte\/santa-maria-del-cami-renovacion-de-un-antiguo-edificio-para-la-explotacion-viticola\/#breadcrumb","itemListElement":[{"@type":"ListItem","position":1,"name":"Portada","item":"https:\/\/mallorcarural.cat\/es\/"},{"@type":"ListItem","position":2,"name":"Portfolio","item":"https:\/\/mallorcarural.cat\/es\/projecte\/"},{"@type":"ListItem","position":3,"name":"Santa Maria del Cam\u00ed \u2013 Renovaci\u00f3n de un antiguo edificio para la explotaci\u00f3n vit\u00edcola"}]},{"@type":"WebSite","@id":"https:\/\/mallorcarural.cat\/es\/#website","url":"https:\/\/mallorcarural.cat\/es\/","name":"Mallorca Rural","description":"","potentialAction":[{"@type":"SearchAction","target":{"@type":"EntryPoint","urlTemplate":"https:\/\/mallorcarural.cat\/es\/?s={search_term_string}"},"query-input":{"@type":"PropertyValueSpecification","valueRequired":true,"valueName":"search_term_string"}}],"inLanguage":"es"}]}},"_links":{"self":[{"href":"https:\/\/mallorcarural.cat\/es\/wp-json\/wp\/v2\/avada_portfolio\/2798","targetHints":{"allow":["GET"]}}],"collection":[{"href":"https:\/\/mallorcarural.cat\/es\/wp-json\/wp\/v2\/avada_portfolio"}],"about":[{"href":"https:\/\/mallorcarural.cat\/es\/wp-json\/wp\/v2\/types\/avada_portfolio"}],"author":[{"embeddable":true,"href":"https:\/\/mallorcarural.cat\/es\/wp-json\/wp\/v2\/users\/6"}],"replies":[{"embeddable":true,"href":"https:\/\/mallorcarural.cat\/es\/wp-json\/wp\/v2\/comments?post=2798"}],"version-history":[{"count":1,"href":"https:\/\/mallorcarural.cat\/es\/wp-json\/wp\/v2\/avada_portfolio\/2798\/revisions"}],"predecessor-version":[{"id":2799,"href":"https:\/\/mallorcarural.cat\/es\/wp-json\/wp\/v2\/avada_portfolio\/2798\/revisions\/2799"}],"wp:featuredmedia":[{"embeddable":true,"href":"https:\/\/mallorcarural.cat\/es\/wp-json\/wp\/v2\/media\/2598"}],"wp:attachment":[{"href":"https:\/\/mallorcarural.cat\/es\/wp-json\/wp\/v2\/media?parent=2798"}],"wp:term":[{"taxonomy":"portfolio_category","embeddable":true,"href":"https:\/\/mallorcarural.cat\/es\/wp-json\/wp\/v2\/portfolio_category?post=2798"},{"taxonomy":"portfolio_skills","embeddable":true,"href":"https:\/\/mallorcarural.cat\/es\/wp-json\/wp\/v2\/portfolio_skills?post=2798"},{"taxonomy":"portfolio_tags","embeddable":true,"href":"https:\/\/mallorcarural.cat\/es\/wp-json\/wp\/v2\/portfolio_tags?post=2798"}],"curies":[{"name":"wp","href":"https:\/\/api.w.org\/{rel}","templated":true}]}}