{"id":2772,"date":"2026-03-05T15:28:55","date_gmt":"2026-03-05T14:28:55","guid":{"rendered":"https:\/\/mallorcarural.cat\/?post_type=avada_portfolio&#038;p=2772"},"modified":"2026-03-05T15:28:55","modified_gmt":"2026-03-05T14:28:55","slug":"mancor-de-la-vall-energia-solar-para-mejorar-la-eficiencia-energetica-municipal","status":"publish","type":"avada_portfolio","link":"https:\/\/mallorcarural.cat\/es\/projecte\/mancor-de-la-vall-energia-solar-para-mejorar-la-eficiencia-energetica-municipal\/","title":{"rendered":"Mancor de la Vall: energ\u00eda solar para mejorar la eficiencia energ\u00e9tica municipal"},"content":{"rendered":"<div class=\"fusion-fullwidth fullwidth-box fusion-builder-row-1 fusion-flex-container has-pattern-background has-mask-background nonhundred-percent-fullwidth non-hundred-percent-height-scrolling\" style=\"--awb-border-sizes-left:30px;--awb-border-sizes-right:30px;--awb-border-color:var(--awb-color1);--awb-border-radius-top-left:0px;--awb-border-radius-top-right:0px;--awb-border-radius-bottom-right:0px;--awb-border-radius-bottom-left:0px;--awb-padding-bottom:80px;--awb-padding-bottom-medium:40px;--awb-background-color:rgba(232,119,73,0.4);--awb-flex-wrap:wrap;\" ><div class=\"fusion-builder-row fusion-row fusion-flex-align-items-flex-start fusion-flex-content-wrap\" style=\"max-width:1331.2px;margin-left: calc(-4% \/ 2 );margin-right: calc(-4% \/ 2 );\"><div class=\"fusion-layout-column fusion_builder_column fusion-builder-column-0 fusion_builder_column_1_4 1_4 fusion-flex-column\" style=\"--awb-bg-size:cover;--awb-width-large:25%;--awb-margin-top-large:0px;--awb-spacing-right-large:30px;--awb-margin-bottom-large:20px;--awb-spacing-left-large:30px;--awb-width-medium:25%;--awb-order-medium:0;--awb-spacing-right-medium:30px;--awb-spacing-left-medium:30px;--awb-width-small:100%;--awb-order-small:0;--awb-spacing-right-small:1.92%;--awb-spacing-left-small:1.92%;\" data-scroll-devices=\"small-visibility,medium-visibility,large-visibility\"><div class=\"fusion-column-wrapper fusion-column-has-shadow fusion-flex-justify-content-flex-start fusion-content-layout-column\"><div class=\"fusion-separator fusion-full-width-sep\" style=\"align-self: center;margin-left: auto;margin-right: auto;margin-top:50px;margin-bottom:0px;width:100%;max-width:100%;\"><div class=\"fusion-separator-border sep-single sep-solid\" style=\"--awb-height:20px;--awb-amount:20px;--awb-sep-color:var(--awb-custom_color_3);border-color:var(--awb-custom_color_3);border-top-width:2px;\"><\/div><\/div><div class=\"fusion-title title fusion-title-1 fusion-sep-none fusion-title-text fusion-title-size-five\" style=\"--awb-text-color:var(--awb-custom_color_3);--awb-margin-top:15px;--awb-font-size:14px;\"><h5 class=\"fusion-title-heading title-heading-left fusion-responsive-typography-calculated\" style=\"font-family:&quot;Poppins&quot;;font-style:normal;font-weight:400;margin:0;font-size:1em;--fontSize:14;line-height:var(--awb-typography1-line-height);\">PROYECTO P\u00daBLICO<\/h5><\/div><\/div><\/div><div class=\"fusion-layout-column fusion_builder_column fusion-builder-column-1 fusion_builder_column_3_4 3_4 fusion-flex-column\" style=\"--awb-bg-size:cover;--awb-width-large:75%;--awb-margin-top-large:0px;--awb-spacing-right-large:30px;--awb-margin-bottom-large:20px;--awb-spacing-left-large:30px;--awb-width-medium:75%;--awb-order-medium:0;--awb-spacing-right-medium:30px;--awb-spacing-left-medium:30px;--awb-width-small:100%;--awb-order-small:0;--awb-spacing-right-small:1.92%;--awb-spacing-left-small:1.92%;\" data-scroll-devices=\"small-visibility,medium-visibility,large-visibility\"><div class=\"fusion-column-wrapper fusion-column-has-shadow fusion-flex-justify-content-flex-start fusion-content-layout-column\"><div class=\"fusion-separator fusion-full-width-sep\" style=\"align-self: center;margin-left: auto;margin-right: auto;margin-top:50px;margin-bottom:0px;width:100%;max-width:100%;\"><div class=\"fusion-separator-border sep-single sep-solid\" style=\"--awb-height:20px;--awb-amount:20px;--awb-sep-color:var(--awb-custom_color_3);border-color:var(--awb-custom_color_3);border-top-width:2px;\"><\/div><\/div><div class=\"fusion-title title fusion-title-2 fusion-sep-none fusion-title-text fusion-title-size-four\" style=\"--awb-text-color:var(--awb-custom_color_3);--awb-font-size:18px;\"><h4 class=\"fusion-title-heading title-heading-left fusion-responsive-typography-calculated\" style=\"font-family:&quot;Poppins&quot;;font-style:normal;font-weight:600;margin:0;font-size:1em;--fontSize:18;line-height:var(--awb-typography1-line-height);\">Mancor de la Vall: energ\u00eda solar para mejorar la eficiencia energ\u00e9tica municipal<\/h4><\/div><\/div><\/div><div class=\"fusion-layout-column fusion_builder_column fusion-builder-column-2 fusion_builder_column_1_4 1_4 fusion-flex-column\" style=\"--awb-bg-size:cover;--awb-width-large:25%;--awb-margin-top-large:0px;--awb-spacing-right-large:30px;--awb-margin-bottom-large:20px;--awb-spacing-left-large:30px;--awb-width-medium:25%;--awb-order-medium:0;--awb-spacing-right-medium:30px;--awb-spacing-left-medium:30px;--awb-width-small:100%;--awb-order-small:0;--awb-spacing-right-small:1.92%;--awb-spacing-left-small:1.92%;\" data-scroll-devices=\"small-visibility,medium-visibility,large-visibility\"><div class=\"fusion-column-wrapper fusion-column-has-shadow fusion-flex-justify-content-flex-start fusion-content-layout-column\"><div class=\"fusion-separator fusion-full-width-sep\" style=\"align-self: center;margin-left: auto;margin-right: auto;margin-bottom:50px;width:100%;max-width:100%;\"><div class=\"fusion-separator-border sep-single sep-solid\" style=\"--awb-height:20px;--awb-amount:20px;--awb-sep-color:var(--awb-custom_color_3);border-color:var(--awb-custom_color_3);border-top-width:2px;\"><\/div><\/div><\/div><\/div><div class=\"fusion-layout-column fusion_builder_column fusion-builder-column-3 fusion_builder_column_3_4 3_4 fusion-flex-column\" style=\"--awb-bg-size:cover;--awb-width-large:75%;--awb-margin-top-large:0px;--awb-spacing-right-large:30px;--awb-margin-bottom-large:20px;--awb-spacing-left-large:30px;--awb-width-medium:75%;--awb-order-medium:0;--awb-spacing-right-medium:30px;--awb-spacing-left-medium:30px;--awb-width-small:100%;--awb-order-small:0;--awb-spacing-right-small:1.92%;--awb-spacing-left-small:1.92%;\" data-scroll-devices=\"small-visibility,medium-visibility,large-visibility\"><div class=\"fusion-column-wrapper fusion-column-has-shadow fusion-flex-justify-content-flex-start fusion-content-layout-column\"><div class=\"fusion-separator fusion-no-small-visibility fusion-full-width-sep\" style=\"align-self: center;margin-left: auto;margin-right: auto;margin-bottom:30px;width:100%;max-width:100%;\"><div class=\"fusion-separator-border sep-single sep-solid\" style=\"--awb-height:20px;--awb-amount:20px;--awb-sep-color:var(--awb-custom_color_3);border-color:var(--awb-custom_color_3);border-top-width:2px;\"><\/div><\/div><div class=\"fusion-title title fusion-title-3 fusion-sep-none fusion-title-text fusion-title-size-five\" style=\"--awb-text-color:var(--awb-custom_color_3);--awb-font-size:14px;\"><h5 class=\"fusion-title-heading title-heading-left fusion-responsive-typography-calculated\" style=\"font-family:&quot;Poppins&quot;;font-style:normal;font-weight:300;margin:0;font-size:1em;--fontSize:14;line-height:1.4;\"><p data-start=\"185\" data-end=\"385\">El Ayuntamiento de Mancor de la Vall ha impulsado la instalaci\u00f3n de placas solares fotovoltaicas en la cubierta de la Casa Consistorial, con el apoyo del programa LEADER gestionado por Mallorca Rural.<\/p>\n<p data-start=\"387\" data-end=\"608\">Esta actuaci\u00f3n permite el autoconsumo energ\u00e9tico del edificio municipal, contribuyendo a reducir el impacto ambiental y las emisiones contaminantes, al tiempo que mejora la eficiencia energ\u00e9tica de los servicios p\u00fablicos.<\/p>\n<p data-start=\"610\" data-end=\"867\">La instalaci\u00f3n, compuesta por 26 placas solares con una potencia total de 8,88 kW, se enmarca dentro de una estrategia municipal orientada a avanzar hacia un modelo energ\u00e9tico m\u00e1s sostenible, basado en el uso de fuentes renovables y en el ahorro energ\u00e9tico.<\/p>\n<p data-start=\"869\" data-end=\"1055\">El proyecto tambi\u00e9n ha incluido la renovaci\u00f3n de la cubierta del edificio, una intervenci\u00f3n necesaria para garantizar la seguridad y la correcta ejecuci\u00f3n de la instalaci\u00f3n fotovoltaica.<\/p>\n<p data-start=\"1057\" data-end=\"1242\">Una iniciativa que refuerza el compromiso del municipio con la sostenibilidad, la eficiencia energ\u00e9tica y la transici\u00f3n hacia un modelo energ\u00e9tico m\u00e1s responsable desde el \u00e1mbito local.<\/p>\n<p data-start=\"1244\" data-end=\"1474\" data-is-last-node=\"\" data-is-only-node=\"\">Proyecto financiado con el apoyo del Fondo Europeo Agr\u00edcola de Desarrollo Rural (FEADER), el Ministerio de Agricultura, Pesca y Alimentaci\u00f3n y la Conselleria de Agricultura, Pesca y Medio Natural del Gobierno de las Illes Balears.<\/p><\/h5><\/div><div class=\"fusion-separator fusion-full-width-sep\" style=\"align-self: center;margin-left: auto;margin-right: auto;margin-top:100px;width:100%;\"><\/div><div class=\"fusion-image-element \" style=\"--awb-caption-title-font-family:var(--h2_typography-font-family);--awb-caption-title-font-weight:var(--h2_typography-font-weight);--awb-caption-title-font-style:var(--h2_typography-font-style);--awb-caption-title-size:var(--h2_typography-font-size);--awb-caption-title-transform:var(--h2_typography-text-transform);--awb-caption-title-line-height:var(--h2_typography-line-height);--awb-caption-title-letter-spacing:var(--h2_typography-letter-spacing);\"><span class=\" fusion-imageframe imageframe-none imageframe-1 hover-type-none\"><img decoding=\"async\" width=\"2560\" height=\"1920\" title=\"Dise\u00f1o sin t\u00edtulo (92)\" src=\"https:\/\/mallorcarural.cat\/wp-content\/uploads\/2026\/03\/Diseno-sin-titulo-92.png\" alt class=\"img-responsive wp-image-2770\" srcset=\"https:\/\/mallorcarural.cat\/wp-content\/uploads\/2026\/03\/Diseno-sin-titulo-92-200x150.png 200w, https:\/\/mallorcarural.cat\/wp-content\/uploads\/2026\/03\/Diseno-sin-titulo-92-400x300.png 400w, https:\/\/mallorcarural.cat\/wp-content\/uploads\/2026\/03\/Diseno-sin-titulo-92-600x450.png 600w, https:\/\/mallorcarural.cat\/wp-content\/uploads\/2026\/03\/Diseno-sin-titulo-92-800x600.png 800w, https:\/\/mallorcarural.cat\/wp-content\/uploads\/2026\/03\/Diseno-sin-titulo-92-1200x900.png 1200w, https:\/\/mallorcarural.cat\/wp-content\/uploads\/2026\/03\/Diseno-sin-titulo-92.png 2560w\" sizes=\"(max-width: 640px) 100vw, 1200px\" \/><\/span><\/div><div class=\"fusion-separator fusion-full-width-sep\" style=\"align-self: center;margin-left: auto;margin-right: auto;margin-top:100px;width:100%;\"><\/div><\/div><\/div><\/div><\/div>\n","protected":false},"excerpt":{"rendered":"","protected":false},"author":6,"featured_media":2770,"menu_order":0,"comment_status":"closed","ping_status":"closed","template":"","format":"standard","meta":{"footnotes":""},"portfolio_category":[26],"portfolio_skills":[],"portfolio_tags":[],"class_list":["post-2772","avada_portfolio","type-avada_portfolio","status-publish","format-standard","has-post-thumbnail","hentry","portfolio_category-proyectos-financiados-con-fondos-leader"],"yoast_head":"<!-- This site is optimized with the Yoast SEO plugin v26.7 - https:\/\/yoast.com\/wordpress\/plugins\/seo\/ -->\n<title>Mancor de la Vall: energ\u00eda solar para mejorar la eficiencia energ\u00e9tica municipal - Mallorca Rural<\/title>\n<meta name=\"robots\" content=\"index, follow, max-snippet:-1, max-image-preview:large, max-video-preview:-1\" \/>\n<link rel=\"canonical\" href=\"https:\/\/mallorcarural.cat\/es\/projecte\/mancor-de-la-vall-energia-solar-para-mejorar-la-eficiencia-energetica-municipal\/\" \/>\n<meta property=\"og:locale\" content=\"es_ES\" \/>\n<meta property=\"og:type\" content=\"article\" \/>\n<meta property=\"og:title\" content=\"Mancor de la Vall: energ\u00eda solar para mejorar la eficiencia energ\u00e9tica municipal - Mallorca Rural\" \/>\n<meta property=\"og:url\" content=\"https:\/\/mallorcarural.cat\/es\/projecte\/mancor-de-la-vall-energia-solar-para-mejorar-la-eficiencia-energetica-municipal\/\" \/>\n<meta property=\"og:site_name\" content=\"Mallorca Rural\" \/>\n<meta property=\"og:image\" content=\"https:\/\/mallorcarural.cat\/wp-content\/uploads\/2026\/03\/Diseno-sin-titulo-92-900x675.png\" \/>\n\t<meta property=\"og:image:width\" content=\"900\" \/>\n\t<meta property=\"og:image:height\" content=\"675\" \/>\n\t<meta property=\"og:image:type\" content=\"image\/png\" \/>\n<meta name=\"twitter:card\" content=\"summary_large_image\" \/>\n<meta name=\"twitter:label1\" content=\"Tiempo de lectura\" \/>\n\t<meta name=\"twitter:data1\" content=\"2 minutos\" \/>\n<script type=\"application\/ld+json\" class=\"yoast-schema-graph\">{\"@context\":\"https:\/\/schema.org\",\"@graph\":[{\"@type\":\"WebPage\",\"@id\":\"https:\/\/mallorcarural.cat\/es\/projecte\/mancor-de-la-vall-energia-solar-para-mejorar-la-eficiencia-energetica-municipal\/\",\"url\":\"https:\/\/mallorcarural.cat\/es\/projecte\/mancor-de-la-vall-energia-solar-para-mejorar-la-eficiencia-energetica-municipal\/\",\"name\":\"Mancor de la Vall: energ\u00eda solar para mejorar la eficiencia energ\u00e9tica municipal - Mallorca Rural\",\"isPartOf\":{\"@id\":\"https:\/\/mallorcarural.cat\/es\/#website\"},\"primaryImageOfPage\":{\"@id\":\"https:\/\/mallorcarural.cat\/es\/projecte\/mancor-de-la-vall-energia-solar-para-mejorar-la-eficiencia-energetica-municipal\/#primaryimage\"},\"image\":{\"@id\":\"https:\/\/mallorcarural.cat\/es\/projecte\/mancor-de-la-vall-energia-solar-para-mejorar-la-eficiencia-energetica-municipal\/#primaryimage\"},\"thumbnailUrl\":\"https:\/\/mallorcarural.cat\/wp-content\/uploads\/2026\/03\/Diseno-sin-titulo-92.png\",\"datePublished\":\"2026-03-05T14:28:55+00:00\",\"breadcrumb\":{\"@id\":\"https:\/\/mallorcarural.cat\/es\/projecte\/mancor-de-la-vall-energia-solar-para-mejorar-la-eficiencia-energetica-municipal\/#breadcrumb\"},\"inLanguage\":\"es\",\"potentialAction\":[{\"@type\":\"ReadAction\",\"target\":[\"https:\/\/mallorcarural.cat\/es\/projecte\/mancor-de-la-vall-energia-solar-para-mejorar-la-eficiencia-energetica-municipal\/\"]}]},{\"@type\":\"ImageObject\",\"inLanguage\":\"es\",\"@id\":\"https:\/\/mallorcarural.cat\/es\/projecte\/mancor-de-la-vall-energia-solar-para-mejorar-la-eficiencia-energetica-municipal\/#primaryimage\",\"url\":\"https:\/\/mallorcarural.cat\/wp-content\/uploads\/2026\/03\/Diseno-sin-titulo-92.png\",\"contentUrl\":\"https:\/\/mallorcarural.cat\/wp-content\/uploads\/2026\/03\/Diseno-sin-titulo-92.png\",\"width\":2560,\"height\":1920},{\"@type\":\"BreadcrumbList\",\"@id\":\"https:\/\/mallorcarural.cat\/es\/projecte\/mancor-de-la-vall-energia-solar-para-mejorar-la-eficiencia-energetica-municipal\/#breadcrumb\",\"itemListElement\":[{\"@type\":\"ListItem\",\"position\":1,\"name\":\"Portada\",\"item\":\"https:\/\/mallorcarural.cat\/es\/\"},{\"@type\":\"ListItem\",\"position\":2,\"name\":\"Portfolio\",\"item\":\"https:\/\/mallorcarural.cat\/es\/projecte\/\"},{\"@type\":\"ListItem\",\"position\":3,\"name\":\"Mancor de la Vall: energ\u00eda solar para mejorar la eficiencia energ\u00e9tica municipal\"}]},{\"@type\":\"WebSite\",\"@id\":\"https:\/\/mallorcarural.cat\/es\/#website\",\"url\":\"https:\/\/mallorcarural.cat\/es\/\",\"name\":\"Mallorca Rural\",\"description\":\"\",\"potentialAction\":[{\"@type\":\"SearchAction\",\"target\":{\"@type\":\"EntryPoint\",\"urlTemplate\":\"https:\/\/mallorcarural.cat\/es\/?s={search_term_string}\"},\"query-input\":{\"@type\":\"PropertyValueSpecification\",\"valueRequired\":true,\"valueName\":\"search_term_string\"}}],\"inLanguage\":\"es\"}]}<\/script>\n<!-- \/ Yoast SEO plugin. -->","yoast_head_json":{"title":"Mancor de la Vall: energ\u00eda solar para mejorar la eficiencia energ\u00e9tica municipal - Mallorca Rural","robots":{"index":"index","follow":"follow","max-snippet":"max-snippet:-1","max-image-preview":"max-image-preview:large","max-video-preview":"max-video-preview:-1"},"canonical":"https:\/\/mallorcarural.cat\/es\/projecte\/mancor-de-la-vall-energia-solar-para-mejorar-la-eficiencia-energetica-municipal\/","og_locale":"es_ES","og_type":"article","og_title":"Mancor de la Vall: energ\u00eda solar para mejorar la eficiencia energ\u00e9tica municipal - Mallorca Rural","og_url":"https:\/\/mallorcarural.cat\/es\/projecte\/mancor-de-la-vall-energia-solar-para-mejorar-la-eficiencia-energetica-municipal\/","og_site_name":"Mallorca Rural","og_image":[{"width":900,"height":675,"url":"https:\/\/mallorcarural.cat\/wp-content\/uploads\/2026\/03\/Diseno-sin-titulo-92-900x675.png","type":"image\/png"}],"twitter_card":"summary_large_image","twitter_misc":{"Tiempo de lectura":"2 minutos"},"schema":{"@context":"https:\/\/schema.org","@graph":[{"@type":"WebPage","@id":"https:\/\/mallorcarural.cat\/es\/projecte\/mancor-de-la-vall-energia-solar-para-mejorar-la-eficiencia-energetica-municipal\/","url":"https:\/\/mallorcarural.cat\/es\/projecte\/mancor-de-la-vall-energia-solar-para-mejorar-la-eficiencia-energetica-municipal\/","name":"Mancor de la Vall: energ\u00eda solar para mejorar la eficiencia energ\u00e9tica municipal - Mallorca Rural","isPartOf":{"@id":"https:\/\/mallorcarural.cat\/es\/#website"},"primaryImageOfPage":{"@id":"https:\/\/mallorcarural.cat\/es\/projecte\/mancor-de-la-vall-energia-solar-para-mejorar-la-eficiencia-energetica-municipal\/#primaryimage"},"image":{"@id":"https:\/\/mallorcarural.cat\/es\/projecte\/mancor-de-la-vall-energia-solar-para-mejorar-la-eficiencia-energetica-municipal\/#primaryimage"},"thumbnailUrl":"https:\/\/mallorcarural.cat\/wp-content\/uploads\/2026\/03\/Diseno-sin-titulo-92.png","datePublished":"2026-03-05T14:28:55+00:00","breadcrumb":{"@id":"https:\/\/mallorcarural.cat\/es\/projecte\/mancor-de-la-vall-energia-solar-para-mejorar-la-eficiencia-energetica-municipal\/#breadcrumb"},"inLanguage":"es","potentialAction":[{"@type":"ReadAction","target":["https:\/\/mallorcarural.cat\/es\/projecte\/mancor-de-la-vall-energia-solar-para-mejorar-la-eficiencia-energetica-municipal\/"]}]},{"@type":"ImageObject","inLanguage":"es","@id":"https:\/\/mallorcarural.cat\/es\/projecte\/mancor-de-la-vall-energia-solar-para-mejorar-la-eficiencia-energetica-municipal\/#primaryimage","url":"https:\/\/mallorcarural.cat\/wp-content\/uploads\/2026\/03\/Diseno-sin-titulo-92.png","contentUrl":"https:\/\/mallorcarural.cat\/wp-content\/uploads\/2026\/03\/Diseno-sin-titulo-92.png","width":2560,"height":1920},{"@type":"BreadcrumbList","@id":"https:\/\/mallorcarural.cat\/es\/projecte\/mancor-de-la-vall-energia-solar-para-mejorar-la-eficiencia-energetica-municipal\/#breadcrumb","itemListElement":[{"@type":"ListItem","position":1,"name":"Portada","item":"https:\/\/mallorcarural.cat\/es\/"},{"@type":"ListItem","position":2,"name":"Portfolio","item":"https:\/\/mallorcarural.cat\/es\/projecte\/"},{"@type":"ListItem","position":3,"name":"Mancor de la Vall: energ\u00eda solar para mejorar la eficiencia energ\u00e9tica municipal"}]},{"@type":"WebSite","@id":"https:\/\/mallorcarural.cat\/es\/#website","url":"https:\/\/mallorcarural.cat\/es\/","name":"Mallorca Rural","description":"","potentialAction":[{"@type":"SearchAction","target":{"@type":"EntryPoint","urlTemplate":"https:\/\/mallorcarural.cat\/es\/?s={search_term_string}"},"query-input":{"@type":"PropertyValueSpecification","valueRequired":true,"valueName":"search_term_string"}}],"inLanguage":"es"}]}},"_links":{"self":[{"href":"https:\/\/mallorcarural.cat\/es\/wp-json\/wp\/v2\/avada_portfolio\/2772","targetHints":{"allow":["GET"]}}],"collection":[{"href":"https:\/\/mallorcarural.cat\/es\/wp-json\/wp\/v2\/avada_portfolio"}],"about":[{"href":"https:\/\/mallorcarural.cat\/es\/wp-json\/wp\/v2\/types\/avada_portfolio"}],"author":[{"embeddable":true,"href":"https:\/\/mallorcarural.cat\/es\/wp-json\/wp\/v2\/users\/6"}],"replies":[{"embeddable":true,"href":"https:\/\/mallorcarural.cat\/es\/wp-json\/wp\/v2\/comments?post=2772"}],"version-history":[{"count":1,"href":"https:\/\/mallorcarural.cat\/es\/wp-json\/wp\/v2\/avada_portfolio\/2772\/revisions"}],"predecessor-version":[{"id":2773,"href":"https:\/\/mallorcarural.cat\/es\/wp-json\/wp\/v2\/avada_portfolio\/2772\/revisions\/2773"}],"wp:featuredmedia":[{"embeddable":true,"href":"https:\/\/mallorcarural.cat\/es\/wp-json\/wp\/v2\/media\/2770"}],"wp:attachment":[{"href":"https:\/\/mallorcarural.cat\/es\/wp-json\/wp\/v2\/media?parent=2772"}],"wp:term":[{"taxonomy":"portfolio_category","embeddable":true,"href":"https:\/\/mallorcarural.cat\/es\/wp-json\/wp\/v2\/portfolio_category?post=2772"},{"taxonomy":"portfolio_skills","embeddable":true,"href":"https:\/\/mallorcarural.cat\/es\/wp-json\/wp\/v2\/portfolio_skills?post=2772"},{"taxonomy":"portfolio_tags","embeddable":true,"href":"https:\/\/mallorcarural.cat\/es\/wp-json\/wp\/v2\/portfolio_tags?post=2772"}],"curies":[{"name":"wp","href":"https:\/\/api.w.org\/{rel}","templated":true}]}}