{"id":2751,"date":"2026-03-05T15:05:35","date_gmt":"2026-03-05T14:05:35","guid":{"rendered":"https:\/\/mallorcarural.cat\/?post_type=avada_portfolio&#038;p=2751"},"modified":"2026-03-05T15:05:35","modified_gmt":"2026-03-05T14:05:35","slug":"petra-energia-solar-para-avanzar-hacia-una-explotacion-agricola-mas-sostenible","status":"publish","type":"avada_portfolio","link":"https:\/\/mallorcarural.cat\/es\/projecte\/petra-energia-solar-para-avanzar-hacia-una-explotacion-agricola-mas-sostenible\/","title":{"rendered":"Petra: energ\u00eda solar para avanzar hacia una explotaci\u00f3n agr\u00edcola m\u00e1s sostenible"},"content":{"rendered":"<div class=\"fusion-fullwidth fullwidth-box fusion-builder-row-1 fusion-flex-container has-pattern-background has-mask-background nonhundred-percent-fullwidth non-hundred-percent-height-scrolling\" style=\"--awb-border-sizes-left:30px;--awb-border-sizes-right:30px;--awb-border-color:var(--awb-color1);--awb-border-radius-top-left:0px;--awb-border-radius-top-right:0px;--awb-border-radius-bottom-right:0px;--awb-border-radius-bottom-left:0px;--awb-padding-bottom:80px;--awb-padding-bottom-medium:40px;--awb-background-color:rgba(232,119,73,0.4);--awb-flex-wrap:wrap;\" ><div class=\"fusion-builder-row fusion-row fusion-flex-align-items-flex-start fusion-flex-content-wrap\" style=\"max-width:1331.2px;margin-left: calc(-4% \/ 2 );margin-right: calc(-4% \/ 2 );\"><div class=\"fusion-layout-column fusion_builder_column fusion-builder-column-0 fusion_builder_column_1_4 1_4 fusion-flex-column\" style=\"--awb-bg-size:cover;--awb-width-large:25%;--awb-margin-top-large:0px;--awb-spacing-right-large:30px;--awb-margin-bottom-large:20px;--awb-spacing-left-large:30px;--awb-width-medium:25%;--awb-order-medium:0;--awb-spacing-right-medium:30px;--awb-spacing-left-medium:30px;--awb-width-small:100%;--awb-order-small:0;--awb-spacing-right-small:1.92%;--awb-spacing-left-small:1.92%;\" data-scroll-devices=\"small-visibility,medium-visibility,large-visibility\"><div class=\"fusion-column-wrapper fusion-column-has-shadow fusion-flex-justify-content-flex-start fusion-content-layout-column\"><div class=\"fusion-separator fusion-full-width-sep\" style=\"align-self: center;margin-left: auto;margin-right: auto;margin-top:50px;margin-bottom:0px;width:100%;max-width:100%;\"><div class=\"fusion-separator-border sep-single sep-solid\" style=\"--awb-height:20px;--awb-amount:20px;--awb-sep-color:var(--awb-custom_color_3);border-color:var(--awb-custom_color_3);border-top-width:2px;\"><\/div><\/div><div class=\"fusion-title title fusion-title-1 fusion-sep-none fusion-title-text fusion-title-size-five\" style=\"--awb-text-color:var(--awb-custom_color_3);--awb-margin-top:15px;--awb-font-size:14px;\"><h5 class=\"fusion-title-heading title-heading-left fusion-responsive-typography-calculated\" style=\"font-family:&quot;Poppins&quot;;font-style:normal;font-weight:400;margin:0;font-size:1em;--fontSize:14;line-height:var(--awb-typography1-line-height);\">PROYECTO PRIVADO<\/h5><\/div><\/div><\/div><div class=\"fusion-layout-column fusion_builder_column fusion-builder-column-1 fusion_builder_column_3_4 3_4 fusion-flex-column\" style=\"--awb-bg-size:cover;--awb-width-large:75%;--awb-margin-top-large:0px;--awb-spacing-right-large:30px;--awb-margin-bottom-large:20px;--awb-spacing-left-large:30px;--awb-width-medium:75%;--awb-order-medium:0;--awb-spacing-right-medium:30px;--awb-spacing-left-medium:30px;--awb-width-small:100%;--awb-order-small:0;--awb-spacing-right-small:1.92%;--awb-spacing-left-small:1.92%;\" data-scroll-devices=\"small-visibility,medium-visibility,large-visibility\"><div class=\"fusion-column-wrapper fusion-column-has-shadow fusion-flex-justify-content-flex-start fusion-content-layout-column\"><div class=\"fusion-separator fusion-full-width-sep\" style=\"align-self: center;margin-left: auto;margin-right: auto;margin-top:50px;margin-bottom:0px;width:100%;max-width:100%;\"><div class=\"fusion-separator-border sep-single sep-solid\" style=\"--awb-height:20px;--awb-amount:20px;--awb-sep-color:var(--awb-custom_color_3);border-color:var(--awb-custom_color_3);border-top-width:2px;\"><\/div><\/div><div class=\"fusion-title title fusion-title-2 fusion-sep-none fusion-title-text fusion-title-size-four\" style=\"--awb-text-color:var(--awb-custom_color_3);--awb-font-size:18px;\"><h4 class=\"fusion-title-heading title-heading-left fusion-responsive-typography-calculated\" style=\"font-family:&quot;Poppins&quot;;font-style:normal;font-weight:600;margin:0;font-size:1em;--fontSize:18;line-height:var(--awb-typography1-line-height);\">Petra: energ\u00eda solar para avanzar hacia una explotaci\u00f3n agr\u00edcola m\u00e1s sostenible<\/h4><\/div><\/div><\/div><div class=\"fusion-layout-column fusion_builder_column fusion-builder-column-2 fusion_builder_column_1_4 1_4 fusion-flex-column\" style=\"--awb-bg-size:cover;--awb-width-large:25%;--awb-margin-top-large:0px;--awb-spacing-right-large:30px;--awb-margin-bottom-large:20px;--awb-spacing-left-large:30px;--awb-width-medium:25%;--awb-order-medium:0;--awb-spacing-right-medium:30px;--awb-spacing-left-medium:30px;--awb-width-small:100%;--awb-order-small:0;--awb-spacing-right-small:1.92%;--awb-spacing-left-small:1.92%;\" data-scroll-devices=\"small-visibility,medium-visibility,large-visibility\"><div class=\"fusion-column-wrapper fusion-column-has-shadow fusion-flex-justify-content-flex-start fusion-content-layout-column\"><div class=\"fusion-separator fusion-full-width-sep\" style=\"align-self: center;margin-left: auto;margin-right: auto;margin-bottom:50px;width:100%;max-width:100%;\"><div class=\"fusion-separator-border sep-single sep-solid\" style=\"--awb-height:20px;--awb-amount:20px;--awb-sep-color:var(--awb-custom_color_3);border-color:var(--awb-custom_color_3);border-top-width:2px;\"><\/div><\/div><\/div><\/div><div class=\"fusion-layout-column fusion_builder_column fusion-builder-column-3 fusion_builder_column_3_4 3_4 fusion-flex-column\" style=\"--awb-bg-size:cover;--awb-width-large:75%;--awb-margin-top-large:0px;--awb-spacing-right-large:30px;--awb-margin-bottom-large:20px;--awb-spacing-left-large:30px;--awb-width-medium:75%;--awb-order-medium:0;--awb-spacing-right-medium:30px;--awb-spacing-left-medium:30px;--awb-width-small:100%;--awb-order-small:0;--awb-spacing-right-small:1.92%;--awb-spacing-left-small:1.92%;\" data-scroll-devices=\"small-visibility,medium-visibility,large-visibility\"><div class=\"fusion-column-wrapper fusion-column-has-shadow fusion-flex-justify-content-flex-start fusion-content-layout-column\"><div class=\"fusion-separator fusion-no-small-visibility fusion-full-width-sep\" style=\"align-self: center;margin-left: auto;margin-right: auto;margin-bottom:30px;width:100%;max-width:100%;\"><div class=\"fusion-separator-border sep-single sep-solid\" style=\"--awb-height:20px;--awb-amount:20px;--awb-sep-color:var(--awb-custom_color_3);border-color:var(--awb-custom_color_3);border-top-width:2px;\"><\/div><\/div><div class=\"fusion-title title fusion-title-3 fusion-sep-none fusion-title-text fusion-title-size-five\" style=\"--awb-text-color:var(--awb-custom_color_3);--awb-font-size:14px;\"><h5 class=\"fusion-title-heading title-heading-left fusion-responsive-typography-calculated\" style=\"font-family:&quot;Poppins&quot;;font-style:normal;font-weight:300;margin:0;font-size:1em;--fontSize:14;line-height:1.4;\"><p data-start=\"193\" data-end=\"527\">En el municipio de Petra, una explotaci\u00f3n agr\u00edcola ha dado un paso importante hacia la sostenibilidad con la instalaci\u00f3n de un sistema de autoconsumo de energ\u00eda solar fotovoltaica. Gracias a una inversi\u00f3n de 23.471,21 \u20ac, esta actuaci\u00f3n permite generar electricidad de forma aut\u00f3noma para el funcionamiento de la actividad agraria.<\/p>\n<p data-start=\"529\" data-end=\"886\">El sistema instalado contribuye a reducir la dependencia energ\u00e9tica de fuentes externas y apuesta por un modelo de producci\u00f3n m\u00e1s eficiente y respetuoso con el medio ambiente. Esta iniciativa demuestra c\u00f3mo la innovaci\u00f3n tecnol\u00f3gica puede integrarse en el sector agrario para mejorar la gesti\u00f3n de los recursos y avanzar hacia un medio rural m\u00e1s sostenible.<\/p>\n<p data-start=\"888\" data-end=\"1104\" data-is-last-node=\"\" data-is-only-node=\"\">Proyectos como este reflejan la capacidad del sector primario para adaptarse a los retos energ\u00e9ticos y ambientales actuales, combinando tradici\u00f3n agr\u00edcola y nuevas soluciones para garantizar el futuro del territorio.<\/p><\/h5><\/div><div class=\"fusion-separator fusion-full-width-sep\" style=\"align-self: center;margin-left: auto;margin-right: auto;margin-top:100px;width:100%;\"><\/div><div class=\"fusion-image-element \" style=\"--awb-caption-title-font-family:var(--h2_typography-font-family);--awb-caption-title-font-weight:var(--h2_typography-font-weight);--awb-caption-title-font-style:var(--h2_typography-font-style);--awb-caption-title-size:var(--h2_typography-font-size);--awb-caption-title-transform:var(--h2_typography-text-transform);--awb-caption-title-line-height:var(--h2_typography-line-height);--awb-caption-title-letter-spacing:var(--h2_typography-letter-spacing);\"><span class=\" fusion-imageframe imageframe-none imageframe-1 hover-type-none\"><img decoding=\"async\" width=\"2560\" height=\"1920\" title=\"Dise\u00f1o sin t\u00edtulo (89)\" src=\"https:\/\/mallorcarural.cat\/wp-content\/uploads\/2026\/03\/Diseno-sin-titulo-89.png\" alt class=\"img-responsive wp-image-2750\" srcset=\"https:\/\/mallorcarural.cat\/wp-content\/uploads\/2026\/03\/Diseno-sin-titulo-89-200x150.png 200w, https:\/\/mallorcarural.cat\/wp-content\/uploads\/2026\/03\/Diseno-sin-titulo-89-400x300.png 400w, https:\/\/mallorcarural.cat\/wp-content\/uploads\/2026\/03\/Diseno-sin-titulo-89-600x450.png 600w, https:\/\/mallorcarural.cat\/wp-content\/uploads\/2026\/03\/Diseno-sin-titulo-89-800x600.png 800w, https:\/\/mallorcarural.cat\/wp-content\/uploads\/2026\/03\/Diseno-sin-titulo-89-1200x900.png 1200w, https:\/\/mallorcarural.cat\/wp-content\/uploads\/2026\/03\/Diseno-sin-titulo-89.png 2560w\" sizes=\"(max-width: 640px) 100vw, 1200px\" \/><\/span><\/div><div class=\"fusion-separator fusion-full-width-sep\" style=\"align-self: center;margin-left: auto;margin-right: auto;margin-top:100px;width:100%;\"><\/div><\/div><\/div><\/div><\/div>\n","protected":false},"excerpt":{"rendered":"","protected":false},"author":6,"featured_media":2750,"menu_order":0,"comment_status":"closed","ping_status":"closed","template":"","format":"standard","meta":{"footnotes":""},"portfolio_category":[26],"portfolio_skills":[],"portfolio_tags":[],"class_list":["post-2751","avada_portfolio","type-avada_portfolio","status-publish","format-standard","has-post-thumbnail","hentry","portfolio_category-proyectos-financiados-con-fondos-leader"],"yoast_head":"<!-- This site is optimized with the Yoast SEO plugin v26.7 - https:\/\/yoast.com\/wordpress\/plugins\/seo\/ -->\n<title>Petra: energ\u00eda solar para avanzar hacia una explotaci\u00f3n agr\u00edcola m\u00e1s sostenible - Mallorca Rural<\/title>\n<meta name=\"robots\" content=\"index, follow, max-snippet:-1, max-image-preview:large, max-video-preview:-1\" \/>\n<link rel=\"canonical\" href=\"https:\/\/mallorcarural.cat\/es\/projecte\/petra-energia-solar-para-avanzar-hacia-una-explotacion-agricola-mas-sostenible\/\" \/>\n<meta property=\"og:locale\" content=\"es_ES\" \/>\n<meta property=\"og:type\" content=\"article\" \/>\n<meta property=\"og:title\" content=\"Petra: energ\u00eda solar para avanzar hacia una explotaci\u00f3n agr\u00edcola m\u00e1s sostenible - Mallorca Rural\" \/>\n<meta property=\"og:url\" content=\"https:\/\/mallorcarural.cat\/es\/projecte\/petra-energia-solar-para-avanzar-hacia-una-explotacion-agricola-mas-sostenible\/\" \/>\n<meta property=\"og:site_name\" content=\"Mallorca Rural\" \/>\n<meta property=\"og:image\" content=\"https:\/\/mallorcarural.cat\/wp-content\/uploads\/2026\/03\/Diseno-sin-titulo-89-900x675.png\" \/>\n\t<meta property=\"og:image:width\" content=\"900\" \/>\n\t<meta property=\"og:image:height\" content=\"675\" \/>\n\t<meta property=\"og:image:type\" content=\"image\/png\" \/>\n<meta name=\"twitter:card\" content=\"summary_large_image\" \/>\n<meta name=\"twitter:label1\" content=\"Tiempo de lectura\" \/>\n\t<meta name=\"twitter:data1\" content=\"2 minutos\" \/>\n<script type=\"application\/ld+json\" class=\"yoast-schema-graph\">{\"@context\":\"https:\/\/schema.org\",\"@graph\":[{\"@type\":\"WebPage\",\"@id\":\"https:\/\/mallorcarural.cat\/es\/projecte\/petra-energia-solar-para-avanzar-hacia-una-explotacion-agricola-mas-sostenible\/\",\"url\":\"https:\/\/mallorcarural.cat\/es\/projecte\/petra-energia-solar-para-avanzar-hacia-una-explotacion-agricola-mas-sostenible\/\",\"name\":\"Petra: energ\u00eda solar para avanzar hacia una explotaci\u00f3n agr\u00edcola m\u00e1s sostenible - Mallorca Rural\",\"isPartOf\":{\"@id\":\"https:\/\/mallorcarural.cat\/es\/#website\"},\"primaryImageOfPage\":{\"@id\":\"https:\/\/mallorcarural.cat\/es\/projecte\/petra-energia-solar-para-avanzar-hacia-una-explotacion-agricola-mas-sostenible\/#primaryimage\"},\"image\":{\"@id\":\"https:\/\/mallorcarural.cat\/es\/projecte\/petra-energia-solar-para-avanzar-hacia-una-explotacion-agricola-mas-sostenible\/#primaryimage\"},\"thumbnailUrl\":\"https:\/\/mallorcarural.cat\/wp-content\/uploads\/2026\/03\/Diseno-sin-titulo-89.png\",\"datePublished\":\"2026-03-05T14:05:35+00:00\",\"breadcrumb\":{\"@id\":\"https:\/\/mallorcarural.cat\/es\/projecte\/petra-energia-solar-para-avanzar-hacia-una-explotacion-agricola-mas-sostenible\/#breadcrumb\"},\"inLanguage\":\"es\",\"potentialAction\":[{\"@type\":\"ReadAction\",\"target\":[\"https:\/\/mallorcarural.cat\/es\/projecte\/petra-energia-solar-para-avanzar-hacia-una-explotacion-agricola-mas-sostenible\/\"]}]},{\"@type\":\"ImageObject\",\"inLanguage\":\"es\",\"@id\":\"https:\/\/mallorcarural.cat\/es\/projecte\/petra-energia-solar-para-avanzar-hacia-una-explotacion-agricola-mas-sostenible\/#primaryimage\",\"url\":\"https:\/\/mallorcarural.cat\/wp-content\/uploads\/2026\/03\/Diseno-sin-titulo-89.png\",\"contentUrl\":\"https:\/\/mallorcarural.cat\/wp-content\/uploads\/2026\/03\/Diseno-sin-titulo-89.png\",\"width\":2560,\"height\":1920},{\"@type\":\"BreadcrumbList\",\"@id\":\"https:\/\/mallorcarural.cat\/es\/projecte\/petra-energia-solar-para-avanzar-hacia-una-explotacion-agricola-mas-sostenible\/#breadcrumb\",\"itemListElement\":[{\"@type\":\"ListItem\",\"position\":1,\"name\":\"Portada\",\"item\":\"https:\/\/mallorcarural.cat\/es\/\"},{\"@type\":\"ListItem\",\"position\":2,\"name\":\"Portfolio\",\"item\":\"https:\/\/mallorcarural.cat\/es\/projecte\/\"},{\"@type\":\"ListItem\",\"position\":3,\"name\":\"Petra: energ\u00eda solar para avanzar hacia una explotaci\u00f3n agr\u00edcola m\u00e1s sostenible\"}]},{\"@type\":\"WebSite\",\"@id\":\"https:\/\/mallorcarural.cat\/es\/#website\",\"url\":\"https:\/\/mallorcarural.cat\/es\/\",\"name\":\"Mallorca Rural\",\"description\":\"\",\"potentialAction\":[{\"@type\":\"SearchAction\",\"target\":{\"@type\":\"EntryPoint\",\"urlTemplate\":\"https:\/\/mallorcarural.cat\/es\/?s={search_term_string}\"},\"query-input\":{\"@type\":\"PropertyValueSpecification\",\"valueRequired\":true,\"valueName\":\"search_term_string\"}}],\"inLanguage\":\"es\"}]}<\/script>\n<!-- \/ Yoast SEO plugin. -->","yoast_head_json":{"title":"Petra: energ\u00eda solar para avanzar hacia una explotaci\u00f3n agr\u00edcola m\u00e1s sostenible - Mallorca Rural","robots":{"index":"index","follow":"follow","max-snippet":"max-snippet:-1","max-image-preview":"max-image-preview:large","max-video-preview":"max-video-preview:-1"},"canonical":"https:\/\/mallorcarural.cat\/es\/projecte\/petra-energia-solar-para-avanzar-hacia-una-explotacion-agricola-mas-sostenible\/","og_locale":"es_ES","og_type":"article","og_title":"Petra: energ\u00eda solar para avanzar hacia una explotaci\u00f3n agr\u00edcola m\u00e1s sostenible - Mallorca Rural","og_url":"https:\/\/mallorcarural.cat\/es\/projecte\/petra-energia-solar-para-avanzar-hacia-una-explotacion-agricola-mas-sostenible\/","og_site_name":"Mallorca Rural","og_image":[{"width":900,"height":675,"url":"https:\/\/mallorcarural.cat\/wp-content\/uploads\/2026\/03\/Diseno-sin-titulo-89-900x675.png","type":"image\/png"}],"twitter_card":"summary_large_image","twitter_misc":{"Tiempo de lectura":"2 minutos"},"schema":{"@context":"https:\/\/schema.org","@graph":[{"@type":"WebPage","@id":"https:\/\/mallorcarural.cat\/es\/projecte\/petra-energia-solar-para-avanzar-hacia-una-explotacion-agricola-mas-sostenible\/","url":"https:\/\/mallorcarural.cat\/es\/projecte\/petra-energia-solar-para-avanzar-hacia-una-explotacion-agricola-mas-sostenible\/","name":"Petra: energ\u00eda solar para avanzar hacia una explotaci\u00f3n agr\u00edcola m\u00e1s sostenible - Mallorca Rural","isPartOf":{"@id":"https:\/\/mallorcarural.cat\/es\/#website"},"primaryImageOfPage":{"@id":"https:\/\/mallorcarural.cat\/es\/projecte\/petra-energia-solar-para-avanzar-hacia-una-explotacion-agricola-mas-sostenible\/#primaryimage"},"image":{"@id":"https:\/\/mallorcarural.cat\/es\/projecte\/petra-energia-solar-para-avanzar-hacia-una-explotacion-agricola-mas-sostenible\/#primaryimage"},"thumbnailUrl":"https:\/\/mallorcarural.cat\/wp-content\/uploads\/2026\/03\/Diseno-sin-titulo-89.png","datePublished":"2026-03-05T14:05:35+00:00","breadcrumb":{"@id":"https:\/\/mallorcarural.cat\/es\/projecte\/petra-energia-solar-para-avanzar-hacia-una-explotacion-agricola-mas-sostenible\/#breadcrumb"},"inLanguage":"es","potentialAction":[{"@type":"ReadAction","target":["https:\/\/mallorcarural.cat\/es\/projecte\/petra-energia-solar-para-avanzar-hacia-una-explotacion-agricola-mas-sostenible\/"]}]},{"@type":"ImageObject","inLanguage":"es","@id":"https:\/\/mallorcarural.cat\/es\/projecte\/petra-energia-solar-para-avanzar-hacia-una-explotacion-agricola-mas-sostenible\/#primaryimage","url":"https:\/\/mallorcarural.cat\/wp-content\/uploads\/2026\/03\/Diseno-sin-titulo-89.png","contentUrl":"https:\/\/mallorcarural.cat\/wp-content\/uploads\/2026\/03\/Diseno-sin-titulo-89.png","width":2560,"height":1920},{"@type":"BreadcrumbList","@id":"https:\/\/mallorcarural.cat\/es\/projecte\/petra-energia-solar-para-avanzar-hacia-una-explotacion-agricola-mas-sostenible\/#breadcrumb","itemListElement":[{"@type":"ListItem","position":1,"name":"Portada","item":"https:\/\/mallorcarural.cat\/es\/"},{"@type":"ListItem","position":2,"name":"Portfolio","item":"https:\/\/mallorcarural.cat\/es\/projecte\/"},{"@type":"ListItem","position":3,"name":"Petra: energ\u00eda solar para avanzar hacia una explotaci\u00f3n agr\u00edcola m\u00e1s sostenible"}]},{"@type":"WebSite","@id":"https:\/\/mallorcarural.cat\/es\/#website","url":"https:\/\/mallorcarural.cat\/es\/","name":"Mallorca Rural","description":"","potentialAction":[{"@type":"SearchAction","target":{"@type":"EntryPoint","urlTemplate":"https:\/\/mallorcarural.cat\/es\/?s={search_term_string}"},"query-input":{"@type":"PropertyValueSpecification","valueRequired":true,"valueName":"search_term_string"}}],"inLanguage":"es"}]}},"_links":{"self":[{"href":"https:\/\/mallorcarural.cat\/es\/wp-json\/wp\/v2\/avada_portfolio\/2751","targetHints":{"allow":["GET"]}}],"collection":[{"href":"https:\/\/mallorcarural.cat\/es\/wp-json\/wp\/v2\/avada_portfolio"}],"about":[{"href":"https:\/\/mallorcarural.cat\/es\/wp-json\/wp\/v2\/types\/avada_portfolio"}],"author":[{"embeddable":true,"href":"https:\/\/mallorcarural.cat\/es\/wp-json\/wp\/v2\/users\/6"}],"replies":[{"embeddable":true,"href":"https:\/\/mallorcarural.cat\/es\/wp-json\/wp\/v2\/comments?post=2751"}],"version-history":[{"count":1,"href":"https:\/\/mallorcarural.cat\/es\/wp-json\/wp\/v2\/avada_portfolio\/2751\/revisions"}],"predecessor-version":[{"id":2752,"href":"https:\/\/mallorcarural.cat\/es\/wp-json\/wp\/v2\/avada_portfolio\/2751\/revisions\/2752"}],"wp:featuredmedia":[{"embeddable":true,"href":"https:\/\/mallorcarural.cat\/es\/wp-json\/wp\/v2\/media\/2750"}],"wp:attachment":[{"href":"https:\/\/mallorcarural.cat\/es\/wp-json\/wp\/v2\/media?parent=2751"}],"wp:term":[{"taxonomy":"portfolio_category","embeddable":true,"href":"https:\/\/mallorcarural.cat\/es\/wp-json\/wp\/v2\/portfolio_category?post=2751"},{"taxonomy":"portfolio_skills","embeddable":true,"href":"https:\/\/mallorcarural.cat\/es\/wp-json\/wp\/v2\/portfolio_skills?post=2751"},{"taxonomy":"portfolio_tags","embeddable":true,"href":"https:\/\/mallorcarural.cat\/es\/wp-json\/wp\/v2\/portfolio_tags?post=2751"}],"curies":[{"name":"wp","href":"https:\/\/api.w.org\/{rel}","templated":true}]}}