{"id":1910,"date":"2024-02-27T12:05:57","date_gmt":"2024-02-27T11:05:57","guid":{"rendered":"https:\/\/mallorcarural.cat\/projecte\/jardi-botanic-amb-arbres-autoctons-i-observatori-daus-a-petra\/"},"modified":"2024-02-27T12:09:51","modified_gmt":"2024-02-27T11:09:51","slug":"jardi-botanic-amb-arbres-autoctons-i-observatori-daus-a-petra","status":"publish","type":"avada_portfolio","link":"https:\/\/mallorcarural.cat\/es\/projecte\/jardi-botanic-amb-arbres-autoctons-i-observatori-daus-a-petra\/","title":{"rendered":"Jard\u00edn bot\u00e1nico con \u00e1rboles aut\u00f3ctonos y observatorio de aves en Petra"},"content":{"rendered":"<div class=\"fusion-fullwidth fullwidth-box fusion-builder-row-1 fusion-flex-container has-pattern-background has-mask-background nonhundred-percent-fullwidth non-hundred-percent-height-scrolling\" style=\"--awb-border-sizes-left:30px;--awb-border-sizes-right:30px;--awb-border-color:var(--awb-color1);--awb-border-radius-top-left:0px;--awb-border-radius-top-right:0px;--awb-border-radius-bottom-right:0px;--awb-border-radius-bottom-left:0px;--awb-padding-bottom:80px;--awb-padding-bottom-medium:40px;--awb-background-color:rgba(232,119,73,0.4);--awb-flex-wrap:wrap;\" ><div class=\"fusion-builder-row fusion-row fusion-flex-align-items-flex-start fusion-flex-content-wrap\" style=\"max-width:1331.2px;margin-left: calc(-4% \/ 2 );margin-right: calc(-4% \/ 2 );\"><div class=\"fusion-layout-column fusion_builder_column fusion-builder-column-0 fusion_builder_column_1_4 1_4 fusion-flex-column\" style=\"--awb-bg-size:cover;--awb-width-large:25%;--awb-margin-top-large:0px;--awb-spacing-right-large:30px;--awb-margin-bottom-large:20px;--awb-spacing-left-large:30px;--awb-width-medium:25%;--awb-order-medium:0;--awb-spacing-right-medium:30px;--awb-spacing-left-medium:30px;--awb-width-small:100%;--awb-order-small:0;--awb-spacing-right-small:1.92%;--awb-spacing-left-small:1.92%;\" data-scroll-devices=\"small-visibility,medium-visibility,large-visibility\"><div class=\"fusion-column-wrapper fusion-column-has-shadow fusion-flex-justify-content-flex-start fusion-content-layout-column\"><div class=\"fusion-separator fusion-full-width-sep\" style=\"align-self: center;margin-left: auto;margin-right: auto;margin-top:50px;margin-bottom:0px;width:100%;max-width:100%;\"><div class=\"fusion-separator-border sep-single sep-solid\" style=\"--awb-height:20px;--awb-amount:20px;--awb-sep-color:var(--awb-custom_color_3);border-color:var(--awb-custom_color_3);border-top-width:2px;\"><\/div><\/div><div class=\"fusion-title title fusion-title-1 fusion-sep-none fusion-title-text fusion-title-size-five\" style=\"--awb-text-color:var(--awb-custom_color_3);--awb-margin-top:15px;--awb-font-size:14px;\"><h5 class=\"fusion-title-heading title-heading-left fusion-responsive-typography-calculated\" style=\"font-family:&quot;Poppins&quot;;font-style:normal;font-weight:400;margin:0;font-size:1em;--fontSize:14;line-height:var(--awb-typography1-line-height);\">PROYECTOS AYUNTAMIENTOS<\/h5><\/div><\/div><\/div><div class=\"fusion-layout-column fusion_builder_column fusion-builder-column-1 fusion_builder_column_3_4 3_4 fusion-flex-column\" style=\"--awb-bg-size:cover;--awb-width-large:75%;--awb-margin-top-large:0px;--awb-spacing-right-large:30px;--awb-margin-bottom-large:20px;--awb-spacing-left-large:30px;--awb-width-medium:75%;--awb-order-medium:0;--awb-spacing-right-medium:30px;--awb-spacing-left-medium:30px;--awb-width-small:100%;--awb-order-small:0;--awb-spacing-right-small:1.92%;--awb-spacing-left-small:1.92%;\" data-scroll-devices=\"small-visibility,medium-visibility,large-visibility\"><div class=\"fusion-column-wrapper fusion-column-has-shadow fusion-flex-justify-content-flex-start fusion-content-layout-column\"><div class=\"fusion-separator fusion-full-width-sep\" style=\"align-self: center;margin-left: auto;margin-right: auto;margin-top:50px;margin-bottom:0px;width:100%;max-width:100%;\"><div class=\"fusion-separator-border sep-single sep-solid\" style=\"--awb-height:20px;--awb-amount:20px;--awb-sep-color:var(--awb-custom_color_3);border-color:var(--awb-custom_color_3);border-top-width:2px;\"><\/div><\/div><div class=\"fusion-title title fusion-title-2 fusion-sep-none fusion-title-text fusion-title-size-four\" style=\"--awb-text-color:var(--awb-custom_color_3);--awb-font-size:18px;\"><h4 class=\"fusion-title-heading title-heading-left fusion-responsive-typography-calculated\" style=\"font-family:&quot;Poppins&quot;;font-style:normal;font-weight:600;margin:0;font-size:1em;--fontSize:18;line-height:var(--awb-typography1-line-height);\">Jard\u00edn bot\u00e1nico con \u00e1rboles aut\u00f3ctonos y observatorio de aves en Petra<\/h4><\/div><\/div><\/div><div class=\"fusion-layout-column fusion_builder_column fusion-builder-column-2 fusion_builder_column_1_4 1_4 fusion-flex-column\" style=\"--awb-bg-size:cover;--awb-width-large:25%;--awb-margin-top-large:0px;--awb-spacing-right-large:30px;--awb-margin-bottom-large:20px;--awb-spacing-left-large:30px;--awb-width-medium:25%;--awb-order-medium:0;--awb-spacing-right-medium:30px;--awb-spacing-left-medium:30px;--awb-width-small:100%;--awb-order-small:0;--awb-spacing-right-small:1.92%;--awb-spacing-left-small:1.92%;\" data-scroll-devices=\"small-visibility,medium-visibility,large-visibility\"><div class=\"fusion-column-wrapper fusion-column-has-shadow fusion-flex-justify-content-flex-start fusion-content-layout-column\"><div class=\"fusion-separator fusion-full-width-sep\" style=\"align-self: center;margin-left: auto;margin-right: auto;margin-bottom:50px;width:100%;max-width:100%;\"><div class=\"fusion-separator-border sep-single sep-solid\" style=\"--awb-height:20px;--awb-amount:20px;--awb-sep-color:var(--awb-custom_color_3);border-color:var(--awb-custom_color_3);border-top-width:2px;\"><\/div><\/div><\/div><\/div><div class=\"fusion-layout-column fusion_builder_column fusion-builder-column-3 fusion_builder_column_3_4 3_4 fusion-flex-column\" style=\"--awb-bg-size:cover;--awb-width-large:75%;--awb-margin-top-large:0px;--awb-spacing-right-large:30px;--awb-margin-bottom-large:20px;--awb-spacing-left-large:30px;--awb-width-medium:75%;--awb-order-medium:0;--awb-spacing-right-medium:30px;--awb-spacing-left-medium:30px;--awb-width-small:100%;--awb-order-small:0;--awb-spacing-right-small:1.92%;--awb-spacing-left-small:1.92%;\" data-scroll-devices=\"small-visibility,medium-visibility,large-visibility\"><div class=\"fusion-column-wrapper fusion-column-has-shadow fusion-flex-justify-content-flex-start fusion-content-layout-column\"><div class=\"fusion-separator fusion-no-small-visibility fusion-full-width-sep\" style=\"align-self: center;margin-left: auto;margin-right: auto;margin-bottom:30px;width:100%;max-width:100%;\"><div class=\"fusion-separator-border sep-single sep-solid\" style=\"--awb-height:20px;--awb-amount:20px;--awb-sep-color:var(--awb-custom_color_3);border-color:var(--awb-custom_color_3);border-top-width:2px;\"><\/div><\/div><div class=\"fusion-text fusion-text-1\" style=\"--awb-text-font-family:&quot;Poppins&quot;;--awb-text-font-style:normal;--awb-text-font-weight:400;\"><p><strong>Ayuda concedida: 26.760 \u20ac<\/strong><\/p>\n<p><strong>Ayuntamiento de Petra<\/strong><\/p>\n<p>En una parcela de propiedad municipal se ha acondicionado un espacio ajardinado con vegetaci\u00f3n propia de los ambientales naturales y rurales del Pla de Mallorca y con zona habilitada para la observaci\u00f3n de aves; en el mismo recinto se ha instalado una estaci\u00f3n meteorol\u00f3gica, que no est\u00e1 incluida en la subvenci\u00f3n.<\/p>\n<\/div><div class=\"fusion-separator fusion-full-width-sep\" style=\"align-self: center;margin-left: auto;margin-right: auto;margin-top:100px;width:100%;\"><\/div><div class=\"fusion-image-element \" style=\"--awb-caption-title-font-family:var(--h2_typography-font-family);--awb-caption-title-font-weight:var(--h2_typography-font-weight);--awb-caption-title-font-style:var(--h2_typography-font-style);--awb-caption-title-size:var(--h2_typography-font-size);--awb-caption-title-transform:var(--h2_typography-text-transform);--awb-caption-title-line-height:var(--h2_typography-line-height);--awb-caption-title-letter-spacing:var(--h2_typography-letter-spacing);\"><span class=\" fusion-imageframe imageframe-none imageframe-1 hover-type-none\"><img decoding=\"async\" width=\"2560\" height=\"1928\" title=\"IMG_20231212_095556\" src=\"https:\/\/mallorcarural.cat\/wp-content\/uploads\/2024\/02\/IMG_20231212_095556-scaled.jpg\" alt class=\"img-responsive wp-image-1907\" srcset=\"https:\/\/mallorcarural.cat\/wp-content\/uploads\/2024\/02\/IMG_20231212_095556-200x151.jpg 200w, https:\/\/mallorcarural.cat\/wp-content\/uploads\/2024\/02\/IMG_20231212_095556-400x301.jpg 400w, https:\/\/mallorcarural.cat\/wp-content\/uploads\/2024\/02\/IMG_20231212_095556-600x452.jpg 600w, https:\/\/mallorcarural.cat\/wp-content\/uploads\/2024\/02\/IMG_20231212_095556-800x602.jpg 800w, https:\/\/mallorcarural.cat\/wp-content\/uploads\/2024\/02\/IMG_20231212_095556-1200x904.jpg 1200w, https:\/\/mallorcarural.cat\/wp-content\/uploads\/2024\/02\/IMG_20231212_095556-scaled.jpg 2560w\" sizes=\"(max-width: 640px) 100vw, 1200px\" \/><\/span><\/div><div class=\"fusion-separator fusion-full-width-sep\" style=\"align-self: center;margin-left: auto;margin-right: auto;margin-top:100px;width:100%;\"><\/div><\/div><\/div><\/div><\/div>\n","protected":false},"excerpt":{"rendered":"","protected":false},"author":4,"featured_media":1907,"menu_order":0,"comment_status":"closed","ping_status":"closed","template":"","format":"standard","meta":{"footnotes":""},"portfolio_category":[26],"portfolio_skills":[],"portfolio_tags":[],"class_list":["post-1910","avada_portfolio","type-avada_portfolio","status-publish","format-standard","has-post-thumbnail","hentry","portfolio_category-proyectos-financiados-con-fondos-leader"],"yoast_head":"<!-- This site is optimized with the Yoast SEO plugin v26.7 - https:\/\/yoast.com\/wordpress\/plugins\/seo\/ -->\n<title>Jard\u00edn bot\u00e1nico con \u00e1rboles aut\u00f3ctonos y observatorio de aves en Petra - Mallorca Rural<\/title>\n<meta name=\"robots\" content=\"index, follow, max-snippet:-1, max-image-preview:large, max-video-preview:-1\" \/>\n<link rel=\"canonical\" href=\"https:\/\/mallorcarural.cat\/es\/projecte\/jardi-botanic-amb-arbres-autoctons-i-observatori-daus-a-petra\/\" \/>\n<meta property=\"og:locale\" content=\"es_ES\" \/>\n<meta property=\"og:type\" content=\"article\" \/>\n<meta property=\"og:title\" content=\"Jard\u00edn bot\u00e1nico con \u00e1rboles aut\u00f3ctonos y observatorio de aves en Petra - Mallorca Rural\" \/>\n<meta property=\"og:url\" content=\"https:\/\/mallorcarural.cat\/es\/projecte\/jardi-botanic-amb-arbres-autoctons-i-observatori-daus-a-petra\/\" \/>\n<meta property=\"og:site_name\" content=\"Mallorca Rural\" \/>\n<meta property=\"article:modified_time\" content=\"2024-02-27T11:09:51+00:00\" \/>\n<meta property=\"og:image\" content=\"https:\/\/mallorcarural.cat\/wp-content\/uploads\/2024\/02\/IMG_20231212_095556-scaled.jpg\" \/>\n\t<meta property=\"og:image:width\" content=\"2560\" \/>\n\t<meta property=\"og:image:height\" content=\"1928\" \/>\n\t<meta property=\"og:image:type\" content=\"image\/jpeg\" \/>\n<meta name=\"twitter:card\" content=\"summary_large_image\" \/>\n<meta name=\"twitter:label1\" content=\"Tiempo de lectura\" \/>\n\t<meta name=\"twitter:data1\" content=\"1 minuto\" \/>\n<script type=\"application\/ld+json\" class=\"yoast-schema-graph\">{\"@context\":\"https:\/\/schema.org\",\"@graph\":[{\"@type\":\"WebPage\",\"@id\":\"https:\/\/mallorcarural.cat\/es\/projecte\/jardi-botanic-amb-arbres-autoctons-i-observatori-daus-a-petra\/\",\"url\":\"https:\/\/mallorcarural.cat\/es\/projecte\/jardi-botanic-amb-arbres-autoctons-i-observatori-daus-a-petra\/\",\"name\":\"Jard\u00edn bot\u00e1nico con \u00e1rboles aut\u00f3ctonos y observatorio de aves en Petra - Mallorca Rural\",\"isPartOf\":{\"@id\":\"https:\/\/mallorcarural.cat\/es\/#website\"},\"primaryImageOfPage\":{\"@id\":\"https:\/\/mallorcarural.cat\/es\/projecte\/jardi-botanic-amb-arbres-autoctons-i-observatori-daus-a-petra\/#primaryimage\"},\"image\":{\"@id\":\"https:\/\/mallorcarural.cat\/es\/projecte\/jardi-botanic-amb-arbres-autoctons-i-observatori-daus-a-petra\/#primaryimage\"},\"thumbnailUrl\":\"https:\/\/mallorcarural.cat\/wp-content\/uploads\/2024\/02\/IMG_20231212_095556-scaled.jpg\",\"datePublished\":\"2024-02-27T11:05:57+00:00\",\"dateModified\":\"2024-02-27T11:09:51+00:00\",\"breadcrumb\":{\"@id\":\"https:\/\/mallorcarural.cat\/es\/projecte\/jardi-botanic-amb-arbres-autoctons-i-observatori-daus-a-petra\/#breadcrumb\"},\"inLanguage\":\"es\",\"potentialAction\":[{\"@type\":\"ReadAction\",\"target\":[\"https:\/\/mallorcarural.cat\/es\/projecte\/jardi-botanic-amb-arbres-autoctons-i-observatori-daus-a-petra\/\"]}]},{\"@type\":\"ImageObject\",\"inLanguage\":\"es\",\"@id\":\"https:\/\/mallorcarural.cat\/es\/projecte\/jardi-botanic-amb-arbres-autoctons-i-observatori-daus-a-petra\/#primaryimage\",\"url\":\"https:\/\/mallorcarural.cat\/wp-content\/uploads\/2024\/02\/IMG_20231212_095556-scaled.jpg\",\"contentUrl\":\"https:\/\/mallorcarural.cat\/wp-content\/uploads\/2024\/02\/IMG_20231212_095556-scaled.jpg\",\"width\":2560,\"height\":1928},{\"@type\":\"BreadcrumbList\",\"@id\":\"https:\/\/mallorcarural.cat\/es\/projecte\/jardi-botanic-amb-arbres-autoctons-i-observatori-daus-a-petra\/#breadcrumb\",\"itemListElement\":[{\"@type\":\"ListItem\",\"position\":1,\"name\":\"Portada\",\"item\":\"https:\/\/mallorcarural.cat\/es\/\"},{\"@type\":\"ListItem\",\"position\":2,\"name\":\"Portfolio\",\"item\":\"https:\/\/mallorcarural.cat\/es\/projecte\/\"},{\"@type\":\"ListItem\",\"position\":3,\"name\":\"Jard\u00edn bot\u00e1nico con \u00e1rboles aut\u00f3ctonos y observatorio de aves en Petra\"}]},{\"@type\":\"WebSite\",\"@id\":\"https:\/\/mallorcarural.cat\/es\/#website\",\"url\":\"https:\/\/mallorcarural.cat\/es\/\",\"name\":\"Mallorca Rural\",\"description\":\"\",\"potentialAction\":[{\"@type\":\"SearchAction\",\"target\":{\"@type\":\"EntryPoint\",\"urlTemplate\":\"https:\/\/mallorcarural.cat\/es\/?s={search_term_string}\"},\"query-input\":{\"@type\":\"PropertyValueSpecification\",\"valueRequired\":true,\"valueName\":\"search_term_string\"}}],\"inLanguage\":\"es\"}]}<\/script>\n<!-- \/ Yoast SEO plugin. -->","yoast_head_json":{"title":"Jard\u00edn bot\u00e1nico con \u00e1rboles aut\u00f3ctonos y observatorio de aves en Petra - Mallorca Rural","robots":{"index":"index","follow":"follow","max-snippet":"max-snippet:-1","max-image-preview":"max-image-preview:large","max-video-preview":"max-video-preview:-1"},"canonical":"https:\/\/mallorcarural.cat\/es\/projecte\/jardi-botanic-amb-arbres-autoctons-i-observatori-daus-a-petra\/","og_locale":"es_ES","og_type":"article","og_title":"Jard\u00edn bot\u00e1nico con \u00e1rboles aut\u00f3ctonos y observatorio de aves en Petra - Mallorca Rural","og_url":"https:\/\/mallorcarural.cat\/es\/projecte\/jardi-botanic-amb-arbres-autoctons-i-observatori-daus-a-petra\/","og_site_name":"Mallorca Rural","article_modified_time":"2024-02-27T11:09:51+00:00","og_image":[{"width":2560,"height":1928,"url":"https:\/\/mallorcarural.cat\/wp-content\/uploads\/2024\/02\/IMG_20231212_095556-scaled.jpg","type":"image\/jpeg"}],"twitter_card":"summary_large_image","twitter_misc":{"Tiempo de lectura":"1 minuto"},"schema":{"@context":"https:\/\/schema.org","@graph":[{"@type":"WebPage","@id":"https:\/\/mallorcarural.cat\/es\/projecte\/jardi-botanic-amb-arbres-autoctons-i-observatori-daus-a-petra\/","url":"https:\/\/mallorcarural.cat\/es\/projecte\/jardi-botanic-amb-arbres-autoctons-i-observatori-daus-a-petra\/","name":"Jard\u00edn bot\u00e1nico con \u00e1rboles aut\u00f3ctonos y observatorio de aves en Petra - Mallorca Rural","isPartOf":{"@id":"https:\/\/mallorcarural.cat\/es\/#website"},"primaryImageOfPage":{"@id":"https:\/\/mallorcarural.cat\/es\/projecte\/jardi-botanic-amb-arbres-autoctons-i-observatori-daus-a-petra\/#primaryimage"},"image":{"@id":"https:\/\/mallorcarural.cat\/es\/projecte\/jardi-botanic-amb-arbres-autoctons-i-observatori-daus-a-petra\/#primaryimage"},"thumbnailUrl":"https:\/\/mallorcarural.cat\/wp-content\/uploads\/2024\/02\/IMG_20231212_095556-scaled.jpg","datePublished":"2024-02-27T11:05:57+00:00","dateModified":"2024-02-27T11:09:51+00:00","breadcrumb":{"@id":"https:\/\/mallorcarural.cat\/es\/projecte\/jardi-botanic-amb-arbres-autoctons-i-observatori-daus-a-petra\/#breadcrumb"},"inLanguage":"es","potentialAction":[{"@type":"ReadAction","target":["https:\/\/mallorcarural.cat\/es\/projecte\/jardi-botanic-amb-arbres-autoctons-i-observatori-daus-a-petra\/"]}]},{"@type":"ImageObject","inLanguage":"es","@id":"https:\/\/mallorcarural.cat\/es\/projecte\/jardi-botanic-amb-arbres-autoctons-i-observatori-daus-a-petra\/#primaryimage","url":"https:\/\/mallorcarural.cat\/wp-content\/uploads\/2024\/02\/IMG_20231212_095556-scaled.jpg","contentUrl":"https:\/\/mallorcarural.cat\/wp-content\/uploads\/2024\/02\/IMG_20231212_095556-scaled.jpg","width":2560,"height":1928},{"@type":"BreadcrumbList","@id":"https:\/\/mallorcarural.cat\/es\/projecte\/jardi-botanic-amb-arbres-autoctons-i-observatori-daus-a-petra\/#breadcrumb","itemListElement":[{"@type":"ListItem","position":1,"name":"Portada","item":"https:\/\/mallorcarural.cat\/es\/"},{"@type":"ListItem","position":2,"name":"Portfolio","item":"https:\/\/mallorcarural.cat\/es\/projecte\/"},{"@type":"ListItem","position":3,"name":"Jard\u00edn bot\u00e1nico con \u00e1rboles aut\u00f3ctonos y observatorio de aves en Petra"}]},{"@type":"WebSite","@id":"https:\/\/mallorcarural.cat\/es\/#website","url":"https:\/\/mallorcarural.cat\/es\/","name":"Mallorca Rural","description":"","potentialAction":[{"@type":"SearchAction","target":{"@type":"EntryPoint","urlTemplate":"https:\/\/mallorcarural.cat\/es\/?s={search_term_string}"},"query-input":{"@type":"PropertyValueSpecification","valueRequired":true,"valueName":"search_term_string"}}],"inLanguage":"es"}]}},"_links":{"self":[{"href":"https:\/\/mallorcarural.cat\/es\/wp-json\/wp\/v2\/avada_portfolio\/1910","targetHints":{"allow":["GET"]}}],"collection":[{"href":"https:\/\/mallorcarural.cat\/es\/wp-json\/wp\/v2\/avada_portfolio"}],"about":[{"href":"https:\/\/mallorcarural.cat\/es\/wp-json\/wp\/v2\/types\/avada_portfolio"}],"author":[{"embeddable":true,"href":"https:\/\/mallorcarural.cat\/es\/wp-json\/wp\/v2\/users\/4"}],"replies":[{"embeddable":true,"href":"https:\/\/mallorcarural.cat\/es\/wp-json\/wp\/v2\/comments?post=1910"}],"version-history":[{"count":2,"href":"https:\/\/mallorcarural.cat\/es\/wp-json\/wp\/v2\/avada_portfolio\/1910\/revisions"}],"predecessor-version":[{"id":1913,"href":"https:\/\/mallorcarural.cat\/es\/wp-json\/wp\/v2\/avada_portfolio\/1910\/revisions\/1913"}],"wp:featuredmedia":[{"embeddable":true,"href":"https:\/\/mallorcarural.cat\/es\/wp-json\/wp\/v2\/media\/1907"}],"wp:attachment":[{"href":"https:\/\/mallorcarural.cat\/es\/wp-json\/wp\/v2\/media?parent=1910"}],"wp:term":[{"taxonomy":"portfolio_category","embeddable":true,"href":"https:\/\/mallorcarural.cat\/es\/wp-json\/wp\/v2\/portfolio_category?post=1910"},{"taxonomy":"portfolio_skills","embeddable":true,"href":"https:\/\/mallorcarural.cat\/es\/wp-json\/wp\/v2\/portfolio_skills?post=1910"},{"taxonomy":"portfolio_tags","embeddable":true,"href":"https:\/\/mallorcarural.cat\/es\/wp-json\/wp\/v2\/portfolio_tags?post=1910"}],"curies":[{"name":"wp","href":"https:\/\/api.w.org\/{rel}","templated":true}]}}